{"id":56021,"date":"2025-09-30T12:16:18","date_gmt":"2025-09-30T10:16:18","guid":{"rendered":"https:\/\/centredelamar.com\/cifp-soib-copy\/"},"modified":"2026-04-16T08:15:37","modified_gmt":"2026-04-16T06:15:37","slug":"cifp-soib","status":"publish","type":"page","link":"https:\/\/centredelamar.com\/es\/cifp-soib\/","title":{"rendered":"Formaci\u00f3n CIFP"},"content":{"rendered":"<p>[et_pb_section fb_built=\u00bb1&#8243; admin_label=\u00bbSection\u00bb _builder_version=\u00bb4.16&#8243; _module_preset=\u00bbdefault\u00bb background_color=\u00bb#f9f9f9&#8243; custom_padding=\u00bb0px||0px||false|false\u00bb da_disable_devices=\u00bboff|off|off\u00bb border_width_bottom=\u00bb1px\u00bb border_color_bottom=\u00bb#ededed\u00bb border_style_bottom=\u00bbdashed\u00bb saved_tabs=\u00bball\u00bb global_colors_info=\u00bb{}\u00bb da_is_popup=\u00bboff\u00bb da_exit_intent=\u00bboff\u00bb da_has_close=\u00bbon\u00bb da_alt_close=\u00bboff\u00bb da_dark_close=\u00bboff\u00bb da_not_modal=\u00bbon\u00bb da_is_singular=\u00bboff\u00bb da_with_loader=\u00bboff\u00bb da_has_shadow=\u00bbon\u00bb][et_pb_row _builder_version=\u00bb4.16&#8243; _module_preset=\u00bbdefault\u00bb custom_padding=\u00bb50px||||false|false\u00bb global_colors_info=\u00bb{}\u00bb][et_pb_column type=\u00bb4_4&#8243; _builder_version=\u00bb4.16&#8243; _module_preset=\u00bbdefault\u00bb global_colors_info=\u00bb{}\u00bb][et_pb_text _builder_version=\u00bb4.18.0&#8243; _module_preset=\u00bbf000dfbd-5fc7-46b7-88db-37a369f4e677&#8243; max_width=\u00bb770px\u00bb global_colors_info=\u00bb{}\u00bb]<\/p>\n<h1>CIFP SOIB Centre de la Mar<\/h1>\n<p>[\/et_pb_text][et_pb_text _builder_version=\u00bb4.18.0&#8243; _module_preset=\u00bbf000dfbd-5fc7-46b7-88db-37a369f4e677&#8243; header_2_font=\u00bbBariol Bold|||on|||||\u00bb header_2_text_color=\u00bb#afafaf\u00bb header_2_font_size=\u00bb16px\u00bb header_2_line_height=\u00bb1.2em\u00bb max_width=\u00bb770px\u00bb global_colors_info=\u00bb{}\u00bb]<\/p>\n<h2>Centro Integrado de Formaci\u00f3n Profesional del SOIB Centre de la Mar<\/h2>\n<p>[\/et_pb_text][\/et_pb_column][\/et_pb_row][\/et_pb_section][et_pb_section fb_built=\u00bb1&#8243; admin_label=\u00bbSection\u00bb _builder_version=\u00bb4.18.0&#8243; _module_preset=\u00bbdefault\u00bb custom_padding=\u00bb0px||0px||false|false\u00bb da_disable_devices=\u00bboff|off|off\u00bb global_colors_info=\u00bb{}\u00bb da_is_popup=\u00bboff\u00bb da_exit_intent=\u00bboff\u00bb da_has_close=\u00bbon\u00bb da_alt_close=\u00bboff\u00bb da_dark_close=\u00bboff\u00bb da_not_modal=\u00bbon\u00bb da_is_singular=\u00bboff\u00bb da_with_loader=\u00bboff\u00bb da_has_shadow=\u00bbon\u00bb][et_pb_row _builder_version=\u00bb4.18.0&#8243; _module_preset=\u00bbdefault\u00bb custom_padding=\u00bb5px||0px||false|false\u00bb global_colors_info=\u00bb{}\u00bb][et_pb_column type=\u00bb4_4&#8243; _builder_version=\u00bb4.18.0&#8243; _module_preset=\u00bbdefault\u00bb global_colors_info=\u00bb{}\u00bb][et_pb_blurb title=\u00bbInformaci\u00f3n CIFP\u00bb use_icon=\u00bbon\u00bb font_icon=\u00bb&#xf05a;||fa||900&#8243; icon_color=\u00bb#F9F9F9&#8243; icon_placement=\u00bbleft\u00bb image_icon_width=\u00bb24px\u00bb content_max_width=\u00bb90%\u00bb _builder_version=\u00bb4.21.0&#8243; _module_preset=\u00bbdefault\u00bb header_font=\u00bbBariol Bold|700|||||||\u00bb header_text_color=\u00bb#FFFFFF\u00bb header_font_size=\u00bb19px\u00bb header_letter_spacing=\u00bb1px\u00bb body_text_color=\u00bb#FFFFFF\u00bb body_font_size=\u00bb14px\u00bb body_letter_spacing=\u00bb1px\u00bb background_color=\u00bb#E31E52&#8243; width=\u00bb100%\u00bb custom_margin=\u00bb||0px||false|false\u00bb custom_padding=\u00bb13px||9px||false|false\u00bb link_option_url=\u00bbhttps:\/\/centredelamar.com\/informacio-cifp\/\u00bb link_option_url_new_window=\u00bbon\u00bb custom_css_blurb_title=\u00bbpadding-bottom:0px\u00bb border_width_all=\u00bb0px\u00bb border_color_all=\u00bb#E31E52&#8243; global_colors_info=\u00bb{}\u00bb background__hover_enabled=\u00bbon|hover\u00bb background_color__hover=\u00bb#999999&#8243; background_enable_color__hover=\u00bbon\u00bb header_text_color__hover_enabled=\u00bboff|hover\u00bb header_text_color__hover=\u00bb#E31E52&#8243; body_text_color__hover_enabled=\u00bboff|hover\u00bb body_text_color__hover=\u00bb#545454&#8243; icon_color__hover_enabled=\u00bboff|hover\u00bb icon_color__hover=\u00bb#E31E52&#8243; custom_padding__sticky_enabled=\u00bbon|desktop\u00bb custom_padding__sticky=\u00bb8px||3px||false|false\u00bb header_font_size__sticky_enabled=\u00bbon|sticky\u00bb header_font_size__sticky=\u00bb17px\u00bb image_icon_width__sticky_enabled=\u00bbon|sticky\u00bb image_icon_width__sticky=\u00bb19px\u00bb body_font_size__sticky_enabled=\u00bbon|sticky\u00bb body_font_size__sticky=\u00bb13px\u00bb body_letter_spacing__sticky_enabled=\u00bboff|sticky\u00bb body_letter_spacing__sticky=\u00bb1px\u00bb custom_css_blurb_title__sticky_enabled=\u00bbon|sticky\u00bb custom_css_blurb_title__sticky=\u00bbpadding-bottom:0px!important\u00bb positioning__sticky_enabled=\u00bboff|sticky\u00bb position_origin_a__sticky_enabled=\u00bboff|sticky\u00bb position_origin_f__sticky_enabled=\u00bboff|sticky\u00bb position_origin_r__sticky_enabled=\u00bboff|sticky\u00bb positioning__sticky=\u00bbnone\u00bb position_origin_f__sticky=\u00bbtop_right\u00bb position_origin_a__sticky=\u00bbtop_right\u00bb custom_css_main_element__sticky_enabled=\u00bboff|sticky\u00bb]<\/p>\n<p>Informaci\u00f3n por alumnas y docentes. <span>Informaci\u00f3n proceso de <\/span><span>matr\u00edcula.<\/span><\/p>\n<p>[\/et_pb_blurb][\/et_pb_column][\/et_pb_row][\/et_pb_section][et_pb_section fb_built=\u00bb1&#8243; custom_padding_last_edited=\u00bboff|desktop\u00bb _builder_version=\u00bb4.27.4&#8243; _module_preset=\u00bbdefault\u00bb custom_padding=\u00bb0px||0px||false|false\u00bb da_disable_devices=\u00bboff|off|off\u00bb border_width_top=\u00bb11px\u00bb border_color_top=\u00bb#FFFFFF\u00bb global_module=\u00bb55882&#8243; saved_tabs=\u00bball\u00bb global_colors_info=\u00bb{}\u00bb da_is_popup=\u00bboff\u00bb da_exit_intent=\u00bboff\u00bb da_has_close=\u00bbon\u00bb da_alt_close=\u00bboff\u00bb da_dark_close=\u00bboff\u00bb da_not_modal=\u00bbon\u00bb da_is_singular=\u00bboff\u00bb da_with_loader=\u00bboff\u00bb da_has_shadow=\u00bbon\u00bb][et_pb_row use_custom_gutter=\u00bbon\u00bb gutter_width=\u00bb1&#8243; make_equal=\u00bbon\u00bb _builder_version=\u00bb4.27.4&#8243; _module_preset=\u00bbdefault\u00bb width=\u00bb100%\u00bb width_phone=\u00bb100%\u00bb width_last_edited=\u00bboff|desktop\u00bb max_width=\u00bbnone\u00bb custom_padding=\u00bb0px||0px||false|false\u00bb global_colors_info=\u00bb{}\u00bb][et_pb_column type=\u00bb4_4&#8243; _builder_version=\u00bb4.27.4&#8243; _module_preset=\u00bbdefault\u00bb background_color=\u00bb#F9F9F9&#8243; global_colors_info=\u00bb{}\u00bb][et_pb_text _builder_version=\u00bb4.27.4&#8243; _module_preset=\u00bbdefault\u00bb text_font=\u00bb|600||on|||||\u00bb text_text_color=\u00bb#FFFFFF\u00bb text_font_size=\u00bb15px\u00bb text_letter_spacing=\u00bb2px\u00bb header_2_font=\u00bb||||||||\u00bb header_2_text_color=\u00bb#FFFFFF\u00bb header_2_font_size=\u00bb18px\u00bb background_color=\u00bb#707070&#8243; text_orientation=\u00bbcenter\u00bb custom_padding=\u00bb7px|||15px|false|false\u00bb global_colors_info=\u00bb{}\u00bb]<\/p>\n<h2>OFERTA FORMATIVA CIFP<\/h2>\n<p>[\/et_pb_text][\/et_pb_column][\/et_pb_row][et_pb_row column_structure=\u00bb1_4,1_4,1_4,1_4&#8243; use_custom_gutter=\u00bbon\u00bb gutter_width=\u00bb1&#8243; make_equal=\u00bbon\u00bb _builder_version=\u00bb4.27.4&#8243; _module_preset=\u00bbdefault\u00bb width=\u00bb100%\u00bb width_phone=\u00bb100%\u00bb width_last_edited=\u00bboff|desktop\u00bb max_width=\u00bbnone\u00bb custom_padding=\u00bb0px||0px||false|false\u00bb global_colors_info=\u00bb{}\u00bb][et_pb_column type=\u00bb1_4&#8243; _builder_version=\u00bb4.27.4&#8243; _module_preset=\u00bbdefault\u00bb background_color=\u00bb#F9F9F9&#8243; global_colors_info=\u00bb{}\u00bb][et_pb_text _builder_version=\u00bb4.27.4&#8243; _module_preset=\u00bbdefault\u00bb text_font=\u00bb|600|on|on|||||\u00bb text_text_color=\u00bb#FFFFFF\u00bb text_font_size=\u00bb15px\u00bb text_letter_spacing=\u00bb2px\u00bb background_color=\u00bb#E31E52&#8243; text_orientation=\u00bbcenter\u00bb custom_padding=\u00bb|||15px|false|false\u00bb global_colors_info=\u00bb{}\u00bb]<\/p>\n<p>Grados B<\/p>\n<p>[\/et_pb_text][et_pb_text _builder_version=\u00bb4.27.4&#8243; _module_preset=\u00bbdefault\u00bb header_4_font=\u00bb|700|||||||\u00bb header_4_font_size=\u00bb17px\u00bb custom_padding=\u00bb15px|1.5vw|15px|2vw|false|false\u00bb custom_padding_tablet=\u00bb20px|20px||25px|false|false\u00bb custom_padding_phone=\u00bb|15px||20px|false|false\u00bb custom_padding_last_edited=\u00bbon|phone\u00bb global_colors_info=\u00bb{}\u00bb]<\/p>\n<h4>Nivel 1<\/h4>\n<ul>\n<li><a href=\"https:\/\/centredelamar.com\/wp-content\/uploads\/2025\/10\/MAPN0512-MF0733_1-OCT25-v2-MODIFICAT-Annex_2_Model_de_difusio_25-26-amb-logo-CIFP.pdf\" rel=\"attachment wp-att-56199\">MF0733_1 &#8211; Formaci\u00f3n b\u00e1sica en seguridad mar\u00edtima (STCW) 1\u00aa edici\u00f3<\/a><\/li>\n<li><a href=\"https:\/\/centredelamar.com\/wp-content\/uploads\/2025\/10\/MAPN0512-MF0733_1-MAR26-v2-MODIFICAT-Annex_2_Model_de_difusio_25-26-amb-logo-CIFP.pdf\" rel=\"attachment wp-att-56201\">afgaMF0733_1 &#8211; Formaci\u00f3n b\u00e1sica en seguridad mar\u00edtima (STCW) 2\u00aa edici\u00f3n<\/a><\/li>\n<\/ul>\n<p>[\/et_pb_text][\/et_pb_column][et_pb_column type=\u00bb1_4&#8243; _builder_version=\u00bb4.27.4&#8243; _module_preset=\u00bbdefault\u00bb background_color=\u00bb#efefef\u00bb global_colors_info=\u00bb{}\u00bb][et_pb_text _builder_version=\u00bb4.27.4&#8243; _module_preset=\u00bbdefault\u00bb text_font=\u00bb|600|on|on|||||\u00bb text_text_color=\u00bb#FFFFFF\u00bb text_font_size=\u00bb15px\u00bb text_letter_spacing=\u00bb2px\u00bb background_color=\u00bb#e24d75&#8243; text_orientation=\u00bbcenter\u00bb custom_padding=\u00bb|||15px|false|false\u00bb background_color_phone=\u00bb#E31E52&#8243; background_last_edited=\u00bbon|phone\u00bb background_enable_color_phone=\u00bbon\u00bb global_colors_info=\u00bb{}\u00bb]<\/p>\n<p>Grados C<\/p>\n<p>[\/et_pb_text][et_pb_text _builder_version=\u00bb4.27.5&#8243; _module_preset=\u00bbdefault\u00bb header_4_font=\u00bb|700|||||||\u00bb header_4_font_size=\u00bb17px\u00bb custom_padding=\u00bb15px|1.5vw|15px|2vw|false|false\u00bb custom_padding_tablet=\u00bb20px|20px||25px|false|false\u00bb custom_padding_phone=\u00bb|15px||20px|false|false\u00bb custom_padding_last_edited=\u00bbon|phone\u00bb global_colors_info=\u00bb{}\u00bb]<\/p>\n<h4>*Atenci\u00f3N: <b><\/b>Aplazadas las fechas de inicio de los cursos<strong> TMVU0211, TMVU0212 y TMVU0111.<\/strong><\/h4>\n<h4>Nivel 2<\/h4>\n<ul>\n<li style=\"list-style-type: none;\">\n<ul>\n<li><a href=\"https:\/\/centredelamar.com\/wp-content\/uploads\/2025\/09\/MAPN0111-v2-Annex_2_Model_de_difusio_25-26-amb-logo-CIFP.pdf\" target=\"_blank\" rel=\"noopener\"><em>MAPN0111<\/em> &#8211; Pesca local<\/a><\/li>\n<li><a href=\"https:\/\/centredelamar.com\/wp-content\/uploads\/2026\/01\/TMVU0111-v2-Annex_2_Model_de_difusio_25-26-amb-logo-CIFP-MODIF-19DES25.pdf\" rel=\"attachment wp-att-56507\">TMVU0111 &#8211; Pintura, reparaci\u00f3n y construcci\u00f3n de elementos de pl\u00e1stico reforzado con fibra de embarcaciones deportivas y recreo<\/a><\/li>\n<li><a href=\"https:\/\/centredelamar.com\/wp-content\/uploads\/2026\/01\/TMVU0211-v2-Annex_2_Model_de_difusio_25-26-amb-logo-CIFP-MODIF-19DES25.pdf\" rel=\"attachment wp-att-56509\">TMVU0211 &#8211; Operaciones de Mantenimiento de Elementos de Madera de Embarcaciones Deportivas y de Recreo<\/a><\/li>\n<li><a href=\"https:\/\/centredelamar.com\/wp-content\/uploads\/2026\/02\/TMVU0212-v2-Annex_2_Model_de_difusio_25-26-amb-logo-CIFP-MODIF-11FEB26.pdf\" rel=\"attachment wp-att-56638\">TMVU0212 &#8211; Mantenimiento e instalaci\u00f3n de sistemas el\u00e9ctricos y electr\u00f3nicos de embarcaciones deportivas y de recreo<\/a><\/li>\n<\/ul>\n<\/li>\n<\/ul>\n<p>[\/et_pb_text][\/et_pb_column][et_pb_column type=\u00bb1_4&#8243; _builder_version=\u00bb4.27.4&#8243; _module_preset=\u00bbdefault\u00bb background_color=\u00bb#F9F9F9&#8243; global_colors_info=\u00bb{}\u00bb][et_pb_text _builder_version=\u00bb4.27.4&#8243; _module_preset=\u00bbdefault\u00bb text_font=\u00bb|600|on|on|||||\u00bb text_text_color=\u00bb#FFFFFF\u00bb text_font_size=\u00bb15px\u00bb text_letter_spacing=\u00bb2px\u00bb background_color=\u00bb#E31E52&#8243; text_orientation=\u00bbcenter\u00bb custom_padding=\u00bb|||15px|false|false\u00bb global_colors_info=\u00bb{}\u00bb]<\/p>\n<p>Grados D<\/p>\n<p>[\/et_pb_text][et_pb_text _builder_version=\u00bb4.27.4&#8243; _module_preset=\u00bbdefault\u00bb header_4_font=\u00bb|700|||||||\u00bb header_4_font_size=\u00bb17px\u00bb custom_padding=\u00bb15px|1.5vw|15px|2vw|false|false\u00bb custom_padding_tablet=\u00bb20px|20px||25px|false|false\u00bb custom_padding_phone=\u00bb|15px||20px|false|false\u00bb custom_padding_last_edited=\u00bbon|phone\u00bb global_colors_info=\u00bb{}\u00bb]<\/p>\n<ul>\n<li><a href=\"https:\/\/centredelamar.com\/wp-content\/uploads\/2025\/11\/WEB-TMV12_merged.pdf\" rel=\"attachment wp-att-56424\">TMV12 &#8211; T\u00edtulo profesional b\u00e1sico en Mantenimiento de embarcaciones deportivas y de recreo B\u00e1sico<\/a><\/li>\n<li><a href=\"https:\/\/centredelamar.com\/wp-content\/uploads\/2025\/11\/WEB-TMV26_merged.pdf\" rel=\"attachment wp-att-56426\">TMV26 &#8211; T\u00e9cnico en Mantenimiento de embarcaciones de recreo Medio<\/a><\/li>\n<\/ul>\n<p>[\/et_pb_text][\/et_pb_column][et_pb_column type=\u00bb1_4&#8243; _builder_version=\u00bb4.27.4&#8243; _module_preset=\u00bbdefault\u00bb background_color=\u00bb#efefef\u00bb global_colors_info=\u00bb{}\u00bb][et_pb_text _builder_version=\u00bb4.27.4&#8243; _module_preset=\u00bbdefault\u00bb text_font=\u00bb|600|on|on|||||\u00bb text_text_color=\u00bb#FFFFFF\u00bb text_font_size=\u00bb15px\u00bb text_letter_spacing=\u00bb2px\u00bb background_color=\u00bb#e24d75&#8243; text_orientation=\u00bbcenter\u00bb custom_padding=\u00bb|||15px|false|false\u00bb background_color_phone=\u00bb#E31E52&#8243; background_last_edited=\u00bbon|phone\u00bb background_enable_color_phone=\u00bbon\u00bb global_colors_info=\u00bb{}\u00bb]<\/p>\n<p>Especialidades Formativas (EEFF)<\/p>\n<p>[\/et_pb_text][et_pb_text _builder_version=\u00bb4.27.4&#8243; _module_preset=\u00bbdefault\u00bb header_4_font=\u00bb|700|||||||\u00bb header_4_font_size=\u00bb17px\u00bb custom_padding=\u00bb15px|1.5vw|15px|2vw|false|false\u00bb custom_padding_tablet=\u00bb20px|20px||25px|false|false\u00bb custom_padding_phone=\u00bb|15px||20px|false|false\u00bb custom_padding_last_edited=\u00bbon|phone\u00bb global_colors_info=\u00bb{}\u00bb]<\/p>\n<h4>Nivel 1<\/h4>\n<ul>\n<li><a href=\"https:\/\/centredelamar.com\/wp-content\/uploads\/2025\/12\/fitxa-eeff-mapn076po-2025_26.pdf\" rel=\"attachment wp-att-56455\">MAPN076PO \u2013 Revalidaci\u00f3n cert. suf. formaci\u00f3n b\u00e1sica en seguridad  <\/a><\/li>\n<li><a href=\"https:\/\/centredelamar.com\/wp-content\/uploads\/2025\/12\/fitxa-eeff-mapn09exp-2025_26.pdf\" rel=\"attachment wp-att-56457\">MAPN09EXP &#8211; Barcos de pasaje<\/a><\/li>\n<li><a href=\"https:\/\/centredelamar.com\/wp-content\/uploads\/2025\/12\/fitxa-eeff-tmvu0008-2025_26.pdf\" rel=\"attachment wp-att-56459\">TMVU0008 &#8211; Mec\u00e1nica b\u00e1sica de motores de embarcaciones<\/a><\/li>\n<li><a href=\"https:\/\/centredelamar.com\/wp-content\/uploads\/2025\/12\/fitxa-eeff-tmvu0011-2025_26.pdf\" rel=\"attachment wp-att-56461\">TMVU0011 &#8211; Operaciones b\u00e1sicas de confecci\u00f3n de tapizados, lonas y protecciones textiles<\/a><\/li>\n<li><a href=\"https:\/\/centredelamar.com\/wp-content\/uploads\/2025\/12\/fitxa-eeff-ifct0087-2025_26.pdf\" rel=\"attachment wp-att-56463\">IFCT0087 &#8211; Seguridad digital b\u00e1sica<\/a><\/li>\n<\/ul>\n<h4>Nivel 2<\/h4>\n<ul>\n<li><a href=\"https:\/\/centredelamar.com\/wp-content\/uploads\/2025\/12\/fitxa-eeff-ifct46-2025_26.pdf\" rel=\"attachment wp-att-56465\">IFCT46 &#8211; Competencias digitales avanzadas<\/a><\/li>\n<\/ul>\n<p>[\/et_pb_text][\/et_pb_column][\/et_pb_row][\/et_pb_section][et_pb_section fb_built=\u00bb1&#8243; admin_label=\u00bbSection\u00bb _builder_version=\u00bb4.27.4&#8243; _module_preset=\u00bbdefault\u00bb background_color=\u00bb#FFFFFF\u00bb custom_padding=\u00bb0px||0px||false|false\u00bb da_disable_devices=\u00bboff|off|off\u00bb global_colors_info=\u00bb{}\u00bb da_is_popup=\u00bboff\u00bb da_exit_intent=\u00bboff\u00bb da_has_close=\u00bbon\u00bb da_alt_close=\u00bboff\u00bb da_dark_close=\u00bboff\u00bb da_not_modal=\u00bbon\u00bb da_is_singular=\u00bboff\u00bb da_with_loader=\u00bboff\u00bb da_has_shadow=\u00bbon\u00bb][et_pb_row _builder_version=\u00bb4.27.4&#8243; _module_preset=\u00bbdefault\u00bb custom_margin=\u00bb||||false|false\u00bb custom_padding=\u00bb40px||0px||false|false\u00bb global_colors_info=\u00bb{}\u00bb][et_pb_column type=\u00bb4_4&#8243; _builder_version=\u00bb4.18.0&#8243; _module_preset=\u00bbdefault\u00bb global_colors_info=\u00bb{}\u00bb][et_pb_text _builder_version=\u00bb4.27.5&#8243; _module_preset=\u00bbdefault\u00bb header_3_font=\u00bbBariol Bold||on||||||\u00bb header_3_text_align=\u00bbcenter\u00bb header_3_text_color=\u00bb#a3a3a3&#8243; header_3_font_size=\u00bb20px\u00bb global_colors_info=\u00bb{}\u00bb]<\/p>\n<h4><a href=\"https:\/\/centredelamar.com\/wp-content\/uploads\/2026\/03\/WEB-Convocatoria-de-proves-lliures-de-Formacio-Professional-2026.pdf\" rel=\"attachment wp-att-56659\">Atenci\u00f3n: Convocatoria de pruebas libres de Formaci\u00f3n Profesional 2026<\/a><\/h4>\n<p>[\/et_pb_text][\/et_pb_column][\/et_pb_row][et_pb_row _builder_version=\u00bb4.27.4&#8243; _module_preset=\u00bbdefault\u00bb global_colors_info=\u00bb{}\u00bb][et_pb_column type=\u00bb4_4&#8243; _builder_version=\u00bb4.16&#8243; _module_preset=\u00bbdefault\u00bb global_colors_info=\u00bb{}\u00bb][et_pb_accordion icon_color=\u00bb#e31e52&#8243; use_icon_font_size=\u00bbon\u00bb icon_font_size=\u00bb21px\u00bb _builder_version=\u00bb4.27.5&#8243; _module_preset=\u00bbdefault\u00bb toggle_font_size=\u00bb18px\u00bb body_link_font=\u00bb||||||||\u00bb position_origin_r=\u00bbbottom_right\u00bb z_index=\u00bb35&#8243; custom_margin=\u00bb||||false|false\u00bb hover_enabled=\u00bb0&#8243; global_colors_info=\u00bb{}\u00bb positioning__hover_enabled=\u00bbon|hover\u00bb position_origin_a__hover_enabled=\u00bbon|desktop\u00bb position_origin_f__hover_enabled=\u00bbon|desktop\u00bb position_origin_r__hover_enabled=\u00bbon|desktop\u00bb position_origin_r__hover=\u00bbbottom_right\u00bb sticky_enabled=\u00bb0&#8243;][et_pb_accordion_item open=\u00bboff\u00bb open_toggle_background_color=\u00bbRGBA(255,255,255,0)\u00bb closed_toggle_background_color=\u00bbRGBA(255,255,255,0)\u00bb icon_color=\u00bbRGBA(255,255,255,0)\u00bb toggle_icon=\u00bb&#x22;||divi||400&#8243; _builder_version=\u00bb4.27.4&#8243; _module_preset=\u00bbdefault\u00bb custom_margin=\u00bb0px||0px||false|false\u00bb border_width_all=\u00bb0px\u00bb border_color_all=\u00bbRGBA(255,255,255,0)\u00bb global_colors_info=\u00bb{}\u00bb][\/et_pb_accordion_item][et_pb_accordion_item title=\u00bbHojas de inscripci\u00f3n Oferta Formativa 2025-2026&#8243; _builder_version=\u00bb4.27.4&#8243; _module_preset=\u00bbdefault\u00bb custom_margin=\u00bb0px||0px||false|false\u00bb global_colors_info=\u00bb{}\u00bb open=\u00bboff\u00bb]<\/p>\n<p>Les matr\u00edcules es poden formalitzar presencialment, omplint els fulls corresponents, o b\u00e9 enviant-los per correu electr\u00f2nic a <a class=\"decorated-link cursor-pointer\" rel=\"noopener\" data-start=\"222\" data-end=\"249\">matricula@centredelamar.com . <\/a>Per a qualsevol consulta sobre el proc\u00e9s de matriculaci\u00f3 tamb\u00e9 podeu escriure a la mateixa adre\u00e7a.<\/p>\n<ul>\n<li><a href=\"https:\/\/centredelamar.com\/wp-content\/uploads\/2025\/12\/D9_Sollicitud-inscripcio-_versio_-CATnivellacademic_novembre2025.pdf\" rel=\"attachment wp-att-56448\">D9_Sollicitud inscripcio _versio_ CATnivellacademic_novembre2025<\/a><\/li>\n<li><a href=\"https:\/\/centredelamar.com\/wp-content\/uploads\/2025\/12\/D9_Solicitud-inscripcion-_version_-ES_nivelacademico_noviembre2025.pdf\" rel=\"attachment wp-att-56450\">D9_Solicitud inscripcion _version_ ES_nivelacademico_noviembre2025<\/a><\/li>\n<li><a href=\"https:\/\/centredelamar.com\/wp-content\/uploads\/2025\/09\/INSCRIPCIO-v2-CP-2025_26-MAPN0512-MF0733_1-MAR26-SEGURIDAD-BASICA.pdf\" rel=\"attachment wp-att-55996\">INSCRIPCIO v2 CP 2025_26 MAPN0512-MF0733_1-MAR26 SEGURIDAD BASICA<\/a><\/li>\n<li><a href=\"https:\/\/centredelamar.com\/wp-content\/uploads\/2025\/09\/INSCRIPCIO-v2-CP-2025_26-MAPN0512-MF0733_1-OCT25-SEGURIDAD-BASICA.pdf\" rel=\"attachment wp-att-55998\">INSCRIPCIO v2 CP 2025_26 MAPN0512-MF0733_1-OCT25 SEGURIDAD BASICA<\/a><\/li>\n<li><a href=\"https:\/\/centredelamar.com\/wp-content\/uploads\/2025\/09\/INSCRIPCIO-v2-CERT_PROF-2025_26-TMVU0212-MANT.SIST_.ELECTRICS-I-ELECTRONICS.pdf\" rel=\"attachment wp-att-56000\">INSCRIPCIO v2 CERT_PROF 2025_26 TMVU0212 MANT.SIST.ELECTRICS I ELECTRONICS<\/a><\/li>\n<li><a href=\"https:\/\/centredelamar.com\/wp-content\/uploads\/2025\/09\/INSCRIPCIO-v2-CERT_PROF-2025_26-TMVU0211-MANT.ELEM_.FUSTA_.pdf\" rel=\"attachment wp-att-56002\">INSCRIPCIO v2 CERT_PROF 2025_26 TMVU0211 MANT.ELEM.FUSTA<\/a><\/li>\n<li><a href=\"https:\/\/centredelamar.com\/wp-content\/uploads\/2025\/09\/INSCRIPCIO-v2-CP-2025_26-MAPN0111-PESCA-LOCAL.pdf\" rel=\"attachment wp-att-56004\">INSCRIPCIO v2 CP 2025_26 MAPN0111 PESCA LOCAL<\/a><\/li>\n<li><a href=\"https:\/\/centredelamar.com\/wp-content\/uploads\/2025\/09\/INSCRIPCIO-v2-CERT_PROF-2025_26-TMVU0111-PINTURA-I-FIBRA.pdf\" rel=\"attachment wp-att-56006\">INSCRIPCIO v2 CERT_PROF 2025_26 TMVU0111 PINTURA I FIBRA<\/a><\/li>\n<\/ul>\n<p>[\/et_pb_accordion_item][et_pb_accordion_item title=\u00bbProgramaci\u00f3n Oferta Formativa Curso 2025 &#8211; 2026&#8243; _builder_version=\u00bb4.27.5&#8243; _module_preset=\u00bbdefault\u00bb custom_margin=\u00bb0px||0px||false|false\u00bb global_colors_info=\u00bb{}\u00bb open=\u00bboff\u00bb]<\/p>\n<p><a href=\"https:\/\/centredelamar.com\/wp-content\/uploads\/2026\/02\/Oferta-formativa-definitiva-2025_2026-ESP-Oferta-formativa-Web.pdf\" rel=\"attachment wp-att-56536\">Oferta formativa definitiva 2025_2026 &#8211; ESP<\/a><a href=\"https:\/\/centredelamar.com\/wp-content\/uploads\/2025\/11\/Oferta-formativa-definitiva-2025_2026-ESP-Oferta-formativa-Web.pdf\" rel=\"attachment wp-att-56433\"><\/a><\/p>\n<p><a href=\"https:\/\/centredelamar.com\/wp-content\/uploads\/2026\/02\/Oferta-formativa-definitiva-2025_2026-CAT-Oferta-formativa-Web.pdf\" rel=\"attachment wp-att-56538\">Oferta formativa definitiva 2025_2026 &#8211; CAT<\/a><a href=\"https:\/\/centredelamar.com\/wp-content\/uploads\/2025\/11\/Oferta-formativa-definitiva-2025_2026-CAT-Oferta-formativa-Web.pdf\" rel=\"attachment wp-att-56435\"><\/a><\/p>\n<p>&nbsp;<\/p>\n<p>&nbsp;<\/p>\n<p>[\/et_pb_accordion_item][et_pb_accordion_item title=\u00bbGrado B: Formaci\u00f3n b\u00e1sica en seguridad mar\u00edtima (STCW) (Octubre) (CERRADO)\u00bb _builder_version=\u00bb4.27.4&#8243; _module_preset=\u00bbdefault\u00bb custom_margin=\u00bb0px||0px||false|false\u00bb global_colors_info=\u00bb{}\u00bb open=\u00bboff\u00bb]<\/p>\n<p>Actividades auxiliares de mantenimiento de m\u00e1quinas, equipos e instalaciones del barco &#8211; MF0733_1 Seguridad y primeros auxilios a bordo Formaci\u00f3n b\u00e1sica en seguridad mar\u00edtima (STCW)<\/p>\n<p>*<a href=\"https:\/\/centredelamar.com\/wp-content\/uploads\/2025\/10\/LLISTAT-ALUMNAT-ADMESOS-MAPN0512-MF0733_1-OCT25.pdf\" rel=\"attachment wp-att-56260\">LISTADO ALUMNADO ADMITIDO MAPN0512-MF0733_1-OCT25<\/a><\/p>\n<p><a href=\"https:\/\/centredelamar.com\/wp-content\/uploads\/2025\/10\/MAPN0512-MF0733_1-OCT25-v2-MODIFICAT-Annex_2_Model_de_difusio_25-26-amb-logo-CIFP.pdf\" rel=\"attachment wp-att-56199\">MAPN0512-MF0733_1 OCT25 v2 MODIFICAT Annex_2_Model_de_difusio_25-26 amb logo CIFP<\/a><\/p>\n<p><a href=\"https:\/\/centredelamar.com\/wp-content\/uploads\/2025\/10\/INSCRIPCIO-v2-CP-2025_26-MAPN0512-MF0733_1-OCT25-SEGURIDAD-BASICA.pdf\" rel=\"attachment wp-att-56168\">INSCRIPCIO v2 CP 2025_26 MAPN0512-MF0733_1-OCT25 SEGURIDAD BASICA<\/a><\/p>\n<p><a href=\"https:\/\/centredelamar.com\/wp-content\/uploads\/2025\/10\/fitxa-mapn0512-2025_26.pdf\" rel=\"attachment wp-att-56170\">fitxa mapn0512 2025_26<\/a><\/p>\n<p>[\/et_pb_accordion_item][et_pb_accordion_item title=\u00bbGrado B: Formaci\u00f3n b\u00e1sica en seguridad mar\u00edtima (STCW) (Marzo)\u00bb _builder_version=\u00bb4.27.4&#8243; _module_preset=\u00bbdefault\u00bb custom_margin=\u00bb0px||0px||false|false\u00bb global_colors_info=\u00bb{}\u00bb open=\u00bboff\u00bb]<\/p>\n<p>Actividades auxiliares de mantenimiento de m\u00e1quinas, equipos e instalaciones del barco &#8211; MF0733_1 Seguridad y primeros auxilios a bordo Formaci\u00f3n b\u00e1sica en seguridad mar\u00edtima (STCW)<\/p>\n<p><a href=\"https:\/\/centredelamar.com\/wp-content\/uploads\/2025\/10\/MAPN0512-MF0733_1-MAR26-v2-MODIFICAT-Annex_2_Model_de_difusio_25-26-amb-logo-CIFP.pdf\" rel=\"attachment wp-att-56201\">MAPN0512-MF0733_1 MAR26 v2 MODIFICAT Annex_2_Model_de_difusio_25-26 amb logo CIFP<\/a><\/p>\n<p><a href=\"https:\/\/centredelamar.com\/wp-content\/uploads\/2025\/10\/INSCRIPCIO-v2-CP-2025_26-MAPN0512-MF0733_1-MAR26-SEGURIDAD-BASICA.pdf\" rel=\"attachment wp-att-56174\">INSCRIPCIO v2 CP 2025_26 MAPN0512-MF0733_1-MAR26 SEGURIDAD BASICA<\/a> <a href=\"https:\/\/centredelamar.com\/wp-content\/uploads\/2025\/10\/fitxa-mapn0512-2025_26-1.pdf\" rel=\"attachment wp-att-56176\"><\/a><\/p>\n<p><a href=\"https:\/\/centredelamar.com\/wp-content\/uploads\/2025\/10\/fitxa-mapn0512-2025_26-1.pdf\" rel=\"attachment wp-att-56176\">fitxa mapn0512 2025_26<\/a><\/p>\n<p>[\/et_pb_accordion_item][et_pb_accordion_item title=\u00bbGrado C: Pesca local (Patr\u00f3n local de pesca)\u00bb _builder_version=\u00bb4.27.4&#8243; _module_preset=\u00bbdefault\u00bb custom_margin=\u00bb0px||0px||false|false\u00bb global_colors_info=\u00bb{}\u00bb open=\u00bboff\u00bb]<\/p>\n<p>Grado C: Pesca local (Patr\u00f3n local de pesca)<\/p>\n<p><a href=\"https:\/\/centredelamar.com\/wp-content\/uploads\/2025\/11\/LLISTAT-ALUMNAT-ADMESOS-MAPN0111-1.pdf\" rel=\"attachment wp-att-56398\">LISTADO DEL ALUMNADO ADMITIDO MAPN0111 (1)<\/a><\/p>\n<p><a href=\"https:\/\/centredelamar.com\/wp-content\/uploads\/2025\/10\/MAPN0111-v2-Annex_2_Model_de_difusio_25-26-amb-logo-CIFP.pdf\" rel=\"attachment wp-att-56160\">MAPN0111 v2 Annex_2_Model_de_difusio_25-26 amb logo CIFP<\/a><\/p>\n<p><a href=\"https:\/\/centredelamar.com\/wp-content\/uploads\/2025\/10\/INSCRIPCIO-v2-CP-2025_26-MAPN0111-PESCA-LOCAL.pdf\" rel=\"attachment wp-att-56162\">INSCRIPCIO v2 CP 2025_26 MAPN0111 PESCA LOCAL<\/a><\/p>\n<p><a href=\"https:\/\/centredelamar.com\/wp-content\/uploads\/2025\/10\/fitxa-mapn0111-2025_26.pdf\" rel=\"attachment wp-att-56164\">fitxa mapn0111 2025_26<\/a><\/p>\n<p>[\/et_pb_accordion_item][et_pb_accordion_item title=\u00bbGrado C: Pintura, reparaci\u00f3n y construcci\u00f3n de elementos de pl\u00e1stico reforzado con fibra de embarcaciones deportivas y de recreo\u00bb _builder_version=\u00bb4.27.5&#8243; _module_preset=\u00bbdefault\u00bb custom_margin=\u00bb0px||0px||false|false\u00bb global_colors_info=\u00bb{}\u00bb open=\u00bboff\u00bb]<\/p>\n<p>Pintura, reparaci\u00f3n y construcci\u00f3n de elementos de pl\u00e1stico reforzado con fibra de embarcaciones deportivas y de recreo<\/p>\n<p><a href=\"https:\/\/centredelamar.com\/wp-content\/uploads\/2026\/01\/TMVU0111-v2-Annex_2_Model_de_difusio_25-26-amb-logo-CIFP-MODIF-19DES25.pdf\" rel=\"attachment wp-att-56507\">TMVU0111 &#8211; Pintura, reparaci\u00f3n y construcci\u00f3n de elementos de pl\u00e1stico reforzado con fibra de embarcaciones deportivas y recreo<\/a><\/p>\n<p><a href=\"https:\/\/centredelamar.com\/wp-content\/uploads\/2025\/10\/INSCRIPCIO-v2-CERT_PROF-2025_26-TMVU0111-PINTURA-I-FIBRA.pdf\" rel=\"attachment wp-att-56148\">INSCRIPCIO v2 CERT_PROF 2025_26 TMVU0111 PINTURA I FIBRA<\/a><\/p>\n<p><a href=\"https:\/\/centredelamar.com\/wp-content\/uploads\/2025\/10\/fitxa-tmvu0111-2025_26.pdf\" rel=\"attachment wp-att-56150\">fitxa tmvu0111 2025_26<\/a><\/p>\n<p>[\/et_pb_accordion_item][et_pb_accordion_item title=\u00bbGrado C: Operaciones de Mantenimiento de Elementos de Madera de Embarcaciones Deportivas y de Recreo\u00bb _builder_version=\u00bb4.27.5&#8243; _module_preset=\u00bbdefault\u00bb custom_margin=\u00bb0px||0px||false|false\u00bb global_colors_info=\u00bb{}\u00bb open=\u00bboff\u00bb]<\/p>\n<p>Operaciones de Mantenimiento de Elementos de Madera de Embarcaciones Deportivas y de Recreo<\/p>\n<p><a href=\"https:\/\/centredelamar.com\/wp-content\/uploads\/2026\/01\/TMVU0211-v2-Annex_2_Model_de_difusio_25-26-amb-logo-CIFP-MODIF-19DES25.pdf\" rel=\"attachment wp-att-56509\">TMVU0211 &#8211; Operaciones de Mantenimiento de Elementos de Madera de Embarcaciones Deportivas y de Recreo<\/a><\/p>\n<p>&nbsp;<\/p>\n<p><a href=\"https:\/\/centredelamar.com\/wp-content\/uploads\/2025\/10\/INSCRIPCIO-v2-CERT_PROF-2025_26-TMVU0211-MANT.ELEM_.FUSTA_.pdf\" rel=\"attachment wp-att-56154\">INSCRIPCIO v2 CERT_PROF 2025_26 TMVU0211 MANT.ELEM.FUSTA<\/a><\/p>\n<p><a href=\"https:\/\/centredelamar.com\/wp-content\/uploads\/2025\/10\/fitxa-tmvu0211-2025_26.pdf\" rel=\"attachment wp-att-56156\">fitxa tmvu0211 2025_26<\/a><\/p>\n<p>[\/et_pb_accordion_item][et_pb_accordion_item title=\u00bbGrado C: Mantenimiento e instalaci\u00f3n de sistemas el\u00e9ctricos y electr\u00f3nicos de embarcaciones deportivas y de recreo\u00bb _builder_version=\u00bb4.27.5&#8243; _module_preset=\u00bbdefault\u00bb custom_margin=\u00bb0px||0px||false|false\u00bb global_colors_info=\u00bb{}\u00bb open=\u00bboff\u00bb]<\/p>\n<p>Mantenimiento e instalaci\u00f3n de sistemas el\u00e9ctricos y electr\u00f3nicos de embarcaciones deportivas y de recreo<\/p>\n<p><a href=\"https:\/\/centredelamar.com\/wp-content\/uploads\/2025\/10\/TMVU0212-v2-Annex_2_Model_de_difusio_25-26-amb-logo-CIFP.pdf\" rel=\"attachment wp-att-56137\"><\/a><a href=\"https:\/\/centredelamar.com\/wp-content\/uploads\/2026\/02\/TMVU0212-v2-Annex_2_Model_de_difusio_25-26-amb-logo-CIFP-MODIF-11FEB26.pdf\" rel=\"attachment wp-att-56638\">TMVU0212 &#8211; Mantenimiento e instalaci\u00f3n de sistemas el\u00e9ctricos y electr\u00f3nicos de embarcaciones deportivas y de recreo<\/a><\/p>\n<p><a href=\"https:\/\/centredelamar.com\/wp-content\/uploads\/2025\/10\/fitxa-tmvu0212-2025_26.pdf\" rel=\"attachment wp-att-56139\">fitxa tmvu0212 2025_26<\/a><\/p>\n<p><a href=\"https:\/\/centredelamar.com\/wp-content\/uploads\/2025\/10\/INSCRIPCIO-v2-CERT_PROF-2025_26-TMVU0212-MANT.SIST_.ELECTRICS-I-ELECTRONICS.pdf\" rel=\"attachment wp-att-56141\">INSCRIPCIO v2 CERT_PROF 2025_26 TMVU0212 MANT.SIST.ELECTRICS I ELECTRONICS<\/a><\/p>\n<p>[\/et_pb_accordion_item][et_pb_accordion_item title=\u00bbEEFF Revalidaci\u00f3n cert. suf. formaci\u00f3n b\u00e1sica en seguridad mar\u00edtima  \u00bb _builder_version=\u00bb4.27.5&#8243; _module_preset=\u00bbdefault\u00bb custom_margin=\u00bb0px||0px||false|false\u00bb global_colors_info=\u00bb{}\u00bb open=\u00bboff\u00bb]<\/p>\n<p>Especialidad formativa: Revalidaci\u00f3n cert. suf. formaci\u00f3n b\u00e1sica en seguridad mar\u00edtima  <\/p>\n<p><a href=\"https:\/\/centredelamar.com\/wp-content\/uploads\/2026\/02\/D9_Solicitud-inscripcion-_version_-ES_nivelacademico_noviembre2025.pdf\" rel=\"attachment wp-att-56545\">D9_Solicitud-inscripcion-_version_-ES_nivelacademico_noviembre2025<\/a><\/p>\n<p><a href=\"https:\/\/centredelamar.com\/wp-content\/uploads\/2026\/02\/D9_Sollicitud-inscripcio-_versio_-CATnivellacademic_novembre2025.pdf\" rel=\"attachment wp-att-56547\">D9_Sollicitud-inscripcio-_versio_-CATnivellacademic_novembre2025<\/a><\/p>\n<p><a href=\"https:\/\/centredelamar.com\/wp-content\/uploads\/2025\/10\/fitxa-eeff-mapn076po-2025_26.pdf\" rel=\"attachment wp-att-56126\">fitxa eeff mapn076po 2025_26<\/a><\/p>\n<p><a href=\"https:\/\/centredelamar.com\/wp-content\/uploads\/2026\/03\/LLISTAT-REVISAT-ALUMNAT-ADMESOS-MAPN076PO.pdf\" rel=\"attachment wp-att-56651\">LLISTAT REVISAT ALUMNAT ADMESOS MAPN076PO<\/a><\/p>\n<p>&nbsp;<\/p>\n<p>[\/et_pb_accordion_item][et_pb_accordion_item title=\u00bbEEFF Barcos de pasaje\u00bb _builder_version=\u00bb4.27.5&#8243; _module_preset=\u00bbdefault\u00bb custom_margin=\u00bb0px||0px||false|false\u00bb hover_enabled=\u00bb0&#8243; global_colors_info=\u00bb{}\u00bb open=\u00bbon\u00bb sticky_enabled=\u00bb0&#8243;]<\/p>\n<p>Especialidad Formativa: Barcos de pasaje<\/p>\n<p>8 de Abril 2026: <a href=\"http:\/\/centredelamar.com\/wp-content\/uploads\/2026\/04\/LLISTAT-ALUMNAT-ADMESOS-MAPN09EXP-DEF.pdf\" rel=\"attachment wp-att-56676\">LLISTAT ALUMNAT ADMESOS MAPN09EXP DEF<\/a><\/p>\n<p>25 de Mazo 2026: <a href=\"https:\/\/centredelamar.com\/wp-content\/uploads\/2026\/04\/LLISTAT-PROVISIONAL-ALUMNAT-ADMESOS-MAPN09EXP.pdf\" rel=\"attachment wp-att-56667\">LLISTAT PROVISIONAL ALUMNAT ADMESOS MAPN09EXP<\/a><\/p>\n<p>&nbsp;<\/p>\n<p><a href=\"https:\/\/centredelamar.com\/wp-content\/uploads\/2026\/02\/D9_Solicitud-inscripcion-_version_-ES_nivelacademico_noviembre2025.pdf\" rel=\"attachment wp-att-56545\">D9_Solicitud-inscripcion-_version_-ES_nivelacademico_noviembre2025<\/a><\/p>\n<p><a href=\"https:\/\/centredelamar.com\/wp-content\/uploads\/2026\/02\/D9_Sollicitud-inscripcio-_versio_-CATnivellacademic_novembre2025.pdf\" rel=\"attachment wp-att-56547\">D9_Sollicitud-inscripcio-_versio_-CATnivellacademic_novembre2025<\/a><\/p>\n<p><a href=\"https:\/\/centredelamar.com\/wp-content\/uploads\/2025\/10\/fitxa-eeff-mapn09exp-2025_26.pdf\" rel=\"attachment wp-att-56133\">fitxa eeff mapn09exp 2025_26<\/a><\/p>\n<p>[\/et_pb_accordion_item][et_pb_accordion_item title=\u00bbEEFF Mec\u00e1nica b\u00e1sica de motores de embarcaciones\u00bb _builder_version=\u00bb4.27.5&#8243; _module_preset=\u00bbdefault\u00bb custom_margin=\u00bb0px||0px||false|false\u00bb global_colors_info=\u00bb{}\u00bb open=\u00bboff\u00bb]<\/p>\n<p>Especialidad formativa: Mec\u00e1nica b\u00e1sica de motores de embarcaciones<\/p>\n<p><a href=\"https:\/\/centredelamar.com\/wp-content\/uploads\/2026\/02\/D9_Sollicitud-inscripcio-_versio_-CATnivellacademic_novembre2025.pdf\" rel=\"attachment wp-att-56547\">D9_Sollicitud-inscripcio-_versio_-CATnivellacademic_novembre2025<\/a><\/p>\n<p><a href=\"https:\/\/centredelamar.com\/wp-content\/uploads\/2026\/02\/D9_Solicitud-inscripcion-_version_-ES_nivelacademico_noviembre2025.pdf\" rel=\"attachment wp-att-56545\">D9_Solicitud-inscripcion-_version_-ES_nivelacademico_noviembre2025<\/a><\/p>\n<p><a href=\"https:\/\/centredelamar.com\/wp-content\/uploads\/2025\/10\/fitxa-eeff-tmvu0008-2025_26.pdf\" rel=\"attachment wp-att-56120\">fitxa eeff tmvu0008 2025_26<\/a><\/p>\n<p>&nbsp;<\/p>\n<p>[\/et_pb_accordion_item][et_pb_accordion_item title=\u00bbEEFF Operaciones b\u00e1sicas de confecci\u00f3n de tapizados, lonas y protecciones textiles\u00bb _builder_version=\u00bb4.27.5&#8243; _module_preset=\u00bbdefault\u00bb custom_margin=\u00bb0px||0px||false|false\u00bb global_colors_info=\u00bb{}\u00bb open=\u00bboff\u00bb]<\/p>\n<p>Especialidad formativa: Operaciones b\u00e1sicas de confecci\u00f3n de tapizados, lonas y protecciones textiles.<\/p>\n<p>ATENCI\u00d3N: La resoluci\u00f3n del curso est\u00e1 pendiente de aprobaci\u00f3n, pero si est\u00e1s interesado en el curso, puedes dejar tus datos al siguiente formulario y una vez abiertas las prescripciones nos pondremos en contacto contigo:<\/p>\n<p><a href=\"https:\/\/centredelamar.com\/wp-content\/uploads\/2026\/02\/D9_Sollicitud-inscripcio-_versio_-CATnivellacademic_novembre2025.pdf\" rel=\"attachment wp-att-56547\">D9_Sollicitud-inscripcio-_versio_-CATnivellacademic_novembre2025<\/a><\/p>\n<p><a href=\"https:\/\/centredelamar.com\/wp-content\/uploads\/2026\/02\/D9_Solicitud-inscripcion-_version_-ES_nivelacademico_noviembre2025.pdf\" rel=\"attachment wp-att-56545\">D9_Solicitud-inscripcion-_version_-ES_nivelacademico_noviembre2025<\/a><\/p>\n<p><a href=\"https:\/\/centredelamar.com\/wp-content\/uploads\/2025\/10\/fitxa-eeff-tmvu0011-2025_26.pdf\" rel=\"attachment wp-att-56182\">fitxa eeff tmvu0011 2025_26<\/a><\/p>\n<p>[\/et_pb_accordion_item][et_pb_accordion_item title=\u00bbEEFF Seguridad digital b\u00e1sica\u00bb _builder_version=\u00bb4.27.5&#8243; _module_preset=\u00bbdefault\u00bb custom_margin=\u00bb0px||0px||false|false\u00bb global_colors_info=\u00bb{}\u00bb open=\u00bboff\u00bb]<\/p>\n<p>Especialidad formativa: Seguridad digital b\u00e1sica<\/p>\n<p><a href=\"https:\/\/centredelamar.com\/wp-content\/uploads\/2026\/02\/D9_Sollicitud-inscripcio-_versio_-CATnivellacademic_novembre2025.pdf\" rel=\"attachment wp-att-56547\">D9_Sollicitud-inscripcio-_versio_-CATnivellacademic_novembre2025<\/a><\/p>\n<p><a href=\"https:\/\/centredelamar.com\/wp-content\/uploads\/2026\/02\/D9_Solicitud-inscripcion-_version_-ES_nivelacademico_noviembre2025.pdf\" rel=\"attachment wp-att-56545\">D9_Solicitud-inscripcion-_version_-ES_nivelacademico_noviembre2025<\/a><\/p>\n<p><a href=\"https:\/\/centredelamar.com\/wp-content\/uploads\/2025\/10\/seguretat-digital-basica.pdf\" rel=\"attachment wp-att-56129\">seguridad digital basica<\/a><\/p>\n<p><a href=\"https:\/\/centredelamar.com\/wp-content\/uploads\/2025\/10\/fitxa-eeff-ifct0087-2025_26.pdf\" rel=\"attachment wp-att-56131\">fitxa eeff ifct0087 2025_26<\/a><\/p>\n<p>[\/et_pb_accordion_item][et_pb_accordion_item title=\u00bbEEFF Competencias digitales avanzadas\u00bb _builder_version=\u00bb4.27.5&#8243; _module_preset=\u00bbdefault\u00bb custom_margin=\u00bb0px||0px||false|false\u00bb global_colors_info=\u00bb{}\u00bb open=\u00bboff\u00bb]<\/p>\n<p>Especialidad Formativa: Competencias digitales avanzadas<\/p>\n<p><a href=\"https:\/\/centredelamar.com\/wp-content\/uploads\/2026\/02\/D9_Sollicitud-inscripcio-_versio_-CATnivellacademic_novembre2025.pdf\" rel=\"attachment wp-att-56547\">D9_Sollicitud-inscripcio-_versio_-CATnivellacademic_novembre2025<\/a><\/p>\n<p><a href=\"https:\/\/centredelamar.com\/wp-content\/uploads\/2026\/02\/D9_Solicitud-inscripcion-_version_-ES_nivelacademico_noviembre2025.pdf\" rel=\"attachment wp-att-56545\">D9_Solicitud-inscripcion-_version_-ES_nivelacademico_noviembre2025<\/a><\/p>\n<p><a href=\"https:\/\/centredelamar.com\/wp-content\/uploads\/2025\/10\/fitxa-eeff-ifct46-2025_26.pdf\" rel=\"attachment wp-att-56115\">fitxa eeff ifct46 2025_26<\/a><\/p>\n<p><a href=\"https:\/\/centredelamar.com\/wp-content\/uploads\/2025\/10\/CARTELL-EEFF-IFCT46-2025_26.pdf\" rel=\"attachment wp-att-56117\">CARTELL EEFF IFCT46 2025_26<\/a><\/p>\n<p>[\/et_pb_accordion_item][et_pb_accordion_item title=\u00bbTipos de Formaciones que se imparten en el CIFP Centre de la Mar\u00bb _builder_version=\u00bb4.27.4&#8243; _module_preset=\u00bbdefault\u00bb custom_margin=\u00bb0px||0px||false|false\u00bb global_colors_info=\u00bb{}\u00bb open=\u00bboff\u00bb]<\/p>\n<h4 class=\"et_pb_module_header\">FORMACI\u00d3N PROFESIONAL<\/h4>\n<p>La FP son los estudios profesionales m\u00e1s cercanos a la realidad del mercado de trabajo. Responden a la necesidad de personal cualificado especializado en los diferentes sectores profesionales para responder a la actual demanda de empleo y a las necesidades de formaci\u00f3n de la ciudadan\u00eda a lo largo de toda su vida laboral. <\/p>\n<p>Con la Ley Org\u00e1nica 3\/2022, de 31 de marzo, de Ordenaci\u00f3n e Integraci\u00f3n de la Formaci\u00f3n Profesional, se establece un sistema totalmente novedoso de 5 grados de formaci\u00f3n profesional (A, B, C, D y E) basado en la progresi\u00f3n formativa y en la obtenci\u00f3n de una acreditaci\u00f3n, certificaci\u00f3n y titulaci\u00f3n. Este sistema te permitir\u00e1 programar tu propio itinerario formativo, en un continuo desde las microacreditaciones (grado A) hasta los t\u00edtulos y cursos de especializaci\u00f3n (grados D y E). <\/p>\n<div class=\"et_pb_blurb_container\">\n<h4 class=\"et_pb_module_header\"> <\/h4>\n<h4 class=\"et_pb_module_header\">FORMACI\u00d3N EN EL TRABAJO<\/h4>\n<div class=\"et_pb_blurb_description\">\n<p>Dirigida al aprendizaje, formaci\u00f3n, recalificaci\u00f3n o reciclaje profesional, que te permitan adquirir competencias o mejorar tu experiencia y calificaci\u00f3n profesional, y facilitarte la inserci\u00f3n laboral<\/p>\n<p>Formaci\u00f3n no formal gestionada por el SOIB, y regulada por el art\u00edculo 33 de la Ley 3\/2023 de 28 de febrero, de Trabajo, que te permitir\u00e1 adquirir las competencias necesarias requeridas en el mercado de trabajo y mejorar tu empleabilidad<\/p>\n<div class=\"et_pb_blurb_container\">\n<h4 class=\"et_pb_module_header\"> <\/h4>\n<h4 class=\"et_pb_module_header\">CERTIFICADOS DE ESPECIALIDADES MAR\u00cdTIMAS STCW I T\u00cdTULOS PROFESIONALES<\/h4>\n<div class=\"et_pb_blurb_description\">\n<p>Cursos homologados para obtener los certificados de suficiencia y especialidad vinculados al Convenio STCW acreditativos de la competencia profesional Y otros t\u00edtulos profesionales expedidos por la Direcci\u00f3n de la Marina Mercante.<\/p>\n<\/div>\n<\/div>\n<\/div>\n<\/div>\n<p>[\/et_pb_accordion_item][\/et_pb_accordion][\/et_pb_column][\/et_pb_row][\/et_pb_section]<\/p>\n","protected":false},"excerpt":{"rendered":"<p>CIFP SOIB Centre de la MarCentro Integrado de Formaci\u00f3n Profesional del SOIB Centre de la MarInformaci\u00f3n por alumnas y docentes. Informaci\u00f3n proceso de matr\u00edcula.OFERTA FORMATIVA CIFPGrados BNivel 1 MF0733_1 &#8211; Formaci\u00f3n b\u00e1sica en seguridad mar\u00edtima (STCW) 1\u00aa edici\u00f3 afgaMF0733_1 &#8211; Formaci\u00f3n b\u00e1sica en seguridad mar\u00edtima (STCW) 2\u00aa edici\u00f3n Grados C*Atenci\u00f3N: Aplazadas las fechas de inicio [&hellip;]<\/p>\n","protected":false},"author":1,"featured_media":0,"parent":0,"menu_order":0,"comment_status":"closed","ping_status":"closed","template":"","meta":{"_acf_changed":false,"_et_pb_use_builder":"on","_et_pb_old_content":"","_et_gb_content_width":"","footnotes":"","_links_to":"","_links_to_target":""},"class_list":["post-56021","page","type-page","status-publish","hentry"],"acf":[],"publishpress_future_action":{"enabled":false,"date":"2026-05-03 19:39:01","action":"change-status","newStatus":"draft","terms":[],"taxonomy":"translation_priority","extraData":[]},"publishpress_future_workflow_manual_trigger":{"enabledWorkflows":[]},"_links":{"self":[{"href":"https:\/\/centredelamar.com\/es\/wp-json\/wp\/v2\/pages\/56021","targetHints":{"allow":["GET"]}}],"collection":[{"href":"https:\/\/centredelamar.com\/es\/wp-json\/wp\/v2\/pages"}],"about":[{"href":"https:\/\/centredelamar.com\/es\/wp-json\/wp\/v2\/types\/page"}],"author":[{"embeddable":true,"href":"https:\/\/centredelamar.com\/es\/wp-json\/wp\/v2\/users\/1"}],"replies":[{"embeddable":true,"href":"https:\/\/centredelamar.com\/es\/wp-json\/wp\/v2\/comments?post=56021"}],"version-history":[{"count":17,"href":"https:\/\/centredelamar.com\/es\/wp-json\/wp\/v2\/pages\/56021\/revisions"}],"predecessor-version":[{"id":56680,"href":"https:\/\/centredelamar.com\/es\/wp-json\/wp\/v2\/pages\/56021\/revisions\/56680"}],"wp:attachment":[{"href":"https:\/\/centredelamar.com\/es\/wp-json\/wp\/v2\/media?parent=56021"}],"curies":[{"name":"wp","href":"https:\/\/api.w.org\/{rel}","templated":true}]}}