{"id":53856,"date":"2022-09-23T16:50:49","date_gmt":"2022-09-23T14:50:49","guid":{"rendered":"https:\/\/centredelamar.com\/informacion-cifp\/"},"modified":"2026-04-16T08:40:43","modified_gmt":"2026-04-16T06:40:43","slug":"informacion-cifp","status":"publish","type":"page","link":"https:\/\/centredelamar.com\/es\/informacion-cifp\/","title":{"rendered":"Informaci\u00f3n CIFP"},"content":{"rendered":"<p>[et_pb_section fb_built=\u00bb1&#8243; _builder_version=\u00bb4.16&#8243; _module_preset=\u00bbdefault\u00bb background_color=\u00bb#f9f9f9&#8243; custom_padding=\u00bb0px||0px||false|false\u00bb da_disable_devices=\u00bboff|off|off\u00bb border_width_bottom=\u00bb1px\u00bb border_color_bottom=\u00bb#ededed\u00bb border_style_bottom=\u00bbdashed\u00bb saved_tabs=\u00bball\u00bb global_colors_info=\u00bb{}\u00bb da_is_popup=\u00bboff\u00bb da_exit_intent=\u00bboff\u00bb da_has_close=\u00bbon\u00bb da_alt_close=\u00bboff\u00bb da_dark_close=\u00bboff\u00bb da_not_modal=\u00bbon\u00bb da_is_singular=\u00bboff\u00bb da_with_loader=\u00bboff\u00bb da_has_shadow=\u00bbon\u00bb][et_pb_row _builder_version=\u00bb4.27.4&#8243; _module_preset=\u00bbdefault\u00bb custom_padding=\u00bb50px||||false|false\u00bb global_colors_info=\u00bb{}\u00bb][et_pb_column type=\u00bb4_4&#8243; _builder_version=\u00bb4.16&#8243; _module_preset=\u00bbdefault\u00bb global_colors_info=\u00bb{}\u00bb][et_pb_text _builder_version=\u00bb4.27.4&#8243; _module_preset=\u00bbf000dfbd-5fc7-46b7-88db-37a369f4e677&#8243; max_width=\u00bb770px\u00bb global_colors_info=\u00bb{}\u00bb]<\/p>\n<h1>Secretaria CIFP<\/h1>\n<p>[\/et_pb_text][et_pb_text _builder_version=\u00bb4.18.0&#8243; _module_preset=\u00bbf000dfbd-5fc7-46b7-88db-37a369f4e677&#8243; header_2_font=\u00bbBariol Bold|||on|||||\u00bb header_2_text_color=\u00bb#afafaf\u00bb header_2_font_size=\u00bb16px\u00bb header_2_line_height=\u00bb1.2em\u00bb max_width=\u00bb770px\u00bb global_colors_info=\u00bb{}\u00bb]<\/p>\n<h2>Centro Integrado de Formaci\u00f3n Profesional del SOIB Centre de la Mar<\/h2>\n<p>[\/et_pb_text][\/et_pb_column][\/et_pb_row][\/et_pb_section][et_pb_section fb_built=\u00bb1&#8243; specialty=\u00bbon\u00bb _builder_version=\u00bb4.27.4&#8243; _module_preset=\u00bbdefault\u00bb custom_padding=\u00bb0px||||false|false\u00bb da_disable_devices=\u00bboff|off|off\u00bb global_colors_info=\u00bb{}\u00bb da_is_popup=\u00bboff\u00bb da_exit_intent=\u00bboff\u00bb da_has_close=\u00bbon\u00bb da_alt_close=\u00bboff\u00bb da_dark_close=\u00bboff\u00bb da_not_modal=\u00bbon\u00bb da_is_singular=\u00bboff\u00bb da_with_loader=\u00bboff\u00bb da_has_shadow=\u00bbon\u00bb][et_pb_column type=\u00bb3_4&#8243; specialty_columns=\u00bb3&#8243; _builder_version=\u00bb4.16&#8243; custom_padding=\u00bb|||\u00bb global_colors_info=\u00bb{}\u00bb custom_padding__hover=\u00bb|||\u00bb][et_pb_row_inner _builder_version=\u00bb4.27.4&#8243; _module_preset=\u00bbdefault\u00bb custom_padding=\u00bb|0px|0px||false|false\u00bb global_colors_info=\u00bb{}\u00bb][et_pb_column_inner saved_specialty_column_type=\u00bb3_4&#8243; _builder_version=\u00bb4.27.4&#8243; _module_preset=\u00bbdefault\u00bb global_colors_info=\u00bb{}\u00bb][et_pb_accordion icon_color=\u00bb#e31e52&#8243; use_icon_font_size=\u00bbon\u00bb icon_font_size=\u00bb21px\u00bb _builder_version=\u00bb4.27.5&#8243; _module_preset=\u00bbdefault\u00bb toggle_font_size=\u00bb18px\u00bb body_link_font=\u00bb||||||||\u00bb transform_scale=\u00bb102%|102%\u00bb transform_translate=\u00bb158px|23px\u00bb transform_origin=\u00bb102%|60%\u00bb max_width=\u00bb100%\u00bb custom_margin=\u00bb0px|-176px||-191px|false|false\u00bb custom_padding=\u00bb0px||||false|false\u00bb link_option_url_new_window=\u00bbon\u00bb hover_enabled=\u00bb0&#8243; global_colors_info=\u00bb{}\u00bb sticky_enabled=\u00bb0&#8243;][et_pb_accordion_item open=\u00bbon\u00bb _builder_version=\u00bb4.27.4&#8243; _module_preset=\u00bbdefault\u00bb custom_margin=\u00bb||5px||false|false\u00bb link_option_url_new_window=\u00bbon\u00bb custom_css_main_element=\u00bbdisplay:none\u00bb global_colors_info=\u00bb{}\u00bb][\/et_pb_accordion_item][et_pb_accordion_item title=\u00bb CALENDARIO ESCOLAR 2026-27&#8243; _builder_version=\u00bb4.27.5&#8243; _module_preset=\u00bbdefault\u00bb custom_margin=\u00bb||5px||false|false\u00bb link_option_url_new_window=\u00bbon\u00bb hover_enabled=\u00bb0&#8243; global_colors_info=\u00bb{}\u00bb open=\u00bboff\u00bb sticky_enabled=\u00bb0&#8243;]<\/p>\n<p><a href=\"http:\/\/centredelamar.com\/wp-content\/uploads\/2026\/04\/DEF._Resum_calendari__2026-2027.pdf\" rel=\"attachment wp-att-56688\"> CALENDARIO ESCOLAR 2026-27<\/a><\/p>\n<p>[\/et_pb_accordion_item][et_pb_accordion_item title=\u00bbPROCESO DE ESCOLARIZACI\u00d3N Y MATRICULACI\u00d3N 2025-2026&#8243; _builder_version=\u00bb4.27.4&#8243; _module_preset=\u00bbdefault\u00bb custom_margin=\u00bb||5px||false|false\u00bb link_option_url_new_window=\u00bbon\u00bb global_colors_info=\u00bb{}\u00bb open=\u00bboff\u00bb]<\/p>\n<p><strong>MATRICULACI\u00d3N DE LOS ALUMNOS<\/strong><\/p>\n<p style=\"font-weight: 400;\">Pod\u00e9is hacer este tr\u00e1mite a trav\u00e9s de una de las f\u00f3rmulas siguientes:<\/p>\n<ul>\n<li>Presencialmente en el centro, aportando el formulario de matr\u00edcula debidamente rellenado y la documentaci\u00f3n requerida.<\/li>\n<li>Enviando la hoja de matr\u00edcula y la documentaci\u00f3n anexa, por correo electr\u00f3nico (<a href=\"mailto:info@centredelamar.com\">info@centredelamar.com<\/a> o <a href=\"mailto:secretariacifp@centredelamar.com\">secretariacifp@centredelamar.com)<\/a><\/li>\n<\/ul>\n<ol style=\"font-weight: 400;\"><\/ol>\n<div>Para descargaros el formulario de matr\u00edcula hac\u00e9is clic al siguiente documento:<\/div>\n<div><span> <\/span><\/div>\n<p><a href=\"https:\/\/centredelamar.com\/wp-content\/uploads\/2025\/06\/SOL%C2%B7LICITUD-2025_26-MATRICULA-formulari-def.pdf\" rel=\"attachment wp-att-55445\">SOLICITUD 2025_26 MATRICULA<\/a><\/p>\n<div><\/div>\n<div><span>En el propio formulario encontrar\u00e9is instrucciones detalladas sobre la documentaci\u00f3n a anexar en el tr\u00e1mite y las fechas para realizarlo.<\/span><\/div>\n<p><a href=\"https:\/\/centredelamar.com\/wp-content\/uploads\/2025\/07\/FORMULARI-BUS-ESCOLAR-2025_26.pdf\" rel=\"attachment wp-att-55488\">FORMULARI BUS ESCOLAR 2025_26<\/a><\/p>\n<p><a href=\"https:\/\/centredelamar.com\/wp-content\/uploads\/2025\/07\/FORMULARI-AUTORITZACIO-ALTRE-PROGENITOR-1.pdf\" rel=\"attachment wp-att-55486\">FORMULARI AUTORITZACIO ALTRE PROGENITOR<\/a><\/p>\n<p>&nbsp;<\/p>\n<p>LISTAS DEFINITIVAS<\/p>\n<p>Pod\u00e9is consultar las listas definitivas de solicitudes de plazas para los cursos de Formaci\u00f3n profesional de nuestro centro, as\u00ed como las listas de espera a la finalizaci\u00f3n de la 1.\u00aa fase del proceso de admisi\u00f3n.<\/p>\n<p>La \u00fanica identificaci\u00f3n de los solicitantes son 4 cifras de su documento de identificaci\u00f3n. Las listas salen ordenadas por las 4 cifras visibles. En el caso de los ciclo de GM 1.\u00aa fase (Acceso por v\u00edas) los solicitantes salen agrupados por cada una de las v\u00edas de acceso.<\/p>\n<p>Tambi\u00e9n es consultable desde el enlace publicado en la p\u00e1gina web <a href=\"http:\/\/fp.caib.es\">http:\/\/fp.caib.es <\/a> con los datos de:DNI\/NIE del alumno(a), o si es el caso de un menor de edad DNI\/NIE (Padre\/madre\/tutor(a)) FECHA NACIMIENTO Alumno(a)<\/p>\n<p>CONSIDERACIONES DE LAS LISTAS DEFINITIVAS<br \/>FIGURAN LAS RESERVAS DE PLAZA en cualesquier de las opciones solicitadas. Los solicitantes estar\u00e1n en tantas listas de espera como opciones figuren en su solicitud, considerando exclusivamente las opciones que est\u00e1n por ante la posible reserva de plaza que haya obtenido a la lista definitiva. En el caso particular que no haya obtenido ninguna reserva de plaza, la persona interesada queda en las listas de espera de todas y cada una de las opciones que figuran a su solicitud.  <\/p>\n<p>NO ES un REQUISITO MATRICULARSE de una plaza para SEGUIR ESTANDO CONSIDERADO en todas aquellas LISTAS De ESPERA que hacen referencia a las opciones anteriores de la plaza en cuesti\u00f3n. Los solicitantes que NO han obtenido plaza reservada, estar\u00e1n en todas las listas de espera de las opciones elegidas en el proceso. Si quieren optar ha participar voluntariamente en la 2.\u00aa fase del 28 de agosto al 3 de septiembre, las plazas a las que podr\u00e1n aspirar son las que resten vacantes en centros que NO tienen lista de espera o la han agotado antes del 24 de julio.  <\/p>\n<p>RECLAMACIONES A LAS LISTAS DEFINITIVAS<\/p>\n<p>Se puede interponer un recurso de alzada ante la directora general de Planificaci\u00f3n y Gesti\u00f3n Educativas en el plazo de un mes contador desde el d\u00eda siguiente a la publicaci\u00f3n de la lista. La resoluci\u00f3n del recurso agota la v\u00eda administrativa. <\/p>\n<p>MATR\u00cdCULA<\/p>\n<p>Recordamos que el periodo de matriculaci\u00f3n ser\u00e1 los d\u00edas 17, 18 y 21 de julio de 2025. Si no se formaliza la matr\u00edcula dentro de este periodo, se entiende que se renuncia en la plaza y se pierde la adjudicaci\u00f3n o reserva de plaza.<br \/>La plaza perdida se considerar\u00e1 vacante por renuncia y ser\u00e1 oferta a las personas en listas de espera. <\/p>\n<p>LISTAS DE ADMITIDOS ESCOLARIZACI\u00d3N 25-26<\/p>\n<p><a href=\"https:\/\/centredelamar.com\/wp-content\/uploads\/2025\/07\/llistaSolicituds_BAS62ED7_TMV12_C_Admissio-FP-GB_Definitiu-2.pdf\" rel=\"attachment wp-att-55614\">llistaSolicituds_BAS62ED7_TMV12_C_Admissi\u00f3 FP &#8211; GB_Definitiu<\/a><\/p>\n<p><a href=\"https:\/\/centredelamar.com\/wp-content\/uploads\/2025\/07\/llistaSolicituds_BAS62ED7_TMV26_C_Admissio-FP-GM_Definitiu-2.pdf\" rel=\"attachment wp-att-55616\">llistaSolicituds_BAS62ED7_TMV26_C_Admissi\u00f3 FP &#8211; GM_Definitiu<\/a><\/p>\n<p>LISTAS DE ESPERA ESCOLARIZACI\u00d3N 25-26<\/p>\n<p><a href=\"https:\/\/centredelamar.com\/wp-content\/uploads\/2025\/08\/PUBLICABLE-llistaEsperaEscolaritzacio-GM-31jul25.pdf\" rel=\"attachment wp-att-55644\">llistaEsperaEscolaritzacio GM 31jul25<\/a><\/p>\n<p><a href=\"https:\/\/centredelamar.com\/wp-content\/uploads\/2025\/08\/PUBLICABLE-llistaEsperaEscolaritzacio-GB-31jul25.pdf\" rel=\"attachment wp-att-55646\">llistaEsperaEscolaritzacio GB 31jul25<\/a><\/p>\n<p>Pod\u00e9is consultar las listas provisionales de solicitudes de plazas para los cursos de Formaci\u00f3n profesional de nuestro centro, para comprobar que las opciones solicitadas son correctas y que la baremaci\u00f3n es adecuada.<\/p>\n<p>La \u00fanica identificaci\u00f3n de los solicitantes son 4 cifras de su documento de identificaci\u00f3n. Las listas salen ordenadas por las 4 cifras visibles. En el caso de los ciclo de GM 1.\u00aa fase (Acceso por v\u00edas) los solicitantes salen agrupados por cada una de las v\u00edas acceso.   Recordad que a las listas provisionales no sale reserva de plaza. Tambi\u00e9n es consultable desde el enlace publicado en la p\u00e1gina web www.fp.caib.es con los datos de: DNI\/NIE del alumno(a), o en su caso de un menor de edad DNI\/NIE<br \/>(Padre\/madre\/tutor(a)) y FECHA NACIMIENTO Alumno(a)<\/p>\n<p>RECLAMACIONES:<br \/>A la vegada, os recordamos que desde hoy y hasta el 10 de julio estambre en periodo de reclamaciones. Los solicitantes que tengan que presentar una reclamaci\u00f3n contra las listas provisionales, lo tienen que hacer preferentemente telem\u00e1ticamente, identific\u00e1ndose con<br \/>usuario y contrase\u00f1a Cl@ve\/gestib\/*caib. Los otros lo tendr\u00e1n que hacer directamente en el centro de 1.\u00aa opci\u00f3n. Los enlaces de las reclamaciones figurar\u00e1n en la web www.fp.caib.es.    Este tr\u00e1mite de reclamaciones estar\u00e1 abierto hasta d\u00eda 10 de julio.<\/p>\n<p><b>Para el proceso de admisi\u00f3n haz clic al siguiente documento:<\/b><\/p>\n<p><a href=\"https:\/\/centredelamar.com\/wp-content\/uploads\/2025\/06\/PROCES-ADMISSIO-FP-2025_2026.pdf\"><strong> PROCESO DE ADMISSI\u00d3N FP 2025_2026<\/strong><\/a><\/p>\n<p><b>Dudas y envios: <a href=\"mailto:info@centredelamar.com\" target=\"_blank\" rel=\"noopener\">info@centredelamar.com<\/a><span> <\/span>\/<span> <\/span><a href=\"mailto:secretariacifp@centredelamar.com\" target=\"_blank\" rel=\"noopener\">secretariacifp@centredelamar.<wbr><\/wbr>com<\/a><\/b><\/p>\n<p>[\/et_pb_accordion_item][et_pb_accordion_item title=\u00bbCALENDARIO 2026&#8243; _builder_version=\u00bb4.27.4&#8243; _module_preset=\u00bbdefault\u00bb custom_margin=\u00bb||5px||false|false\u00bb link_option_url_new_window=\u00bbon\u00bb global_colors_info=\u00bb{}\u00bb open=\u00bboff\u00bb]<\/p>\n<p><b><\/b><\/p>\n<p>CALENDARIO 2026<\/p>\n<p><a href=\"https:\/\/centredelamar.com\/wp-content\/uploads\/2025\/05\/Resum_calendari_2025-2026_def.pdf\" rel=\"attachment wp-att-55352\">Resum_calendari_2025-2026_def<\/a><\/p>\n<div dir=\"ltr\">\n<div><b>De acuerdo con el art\u00edculo 9\u00ba de la Resoluci\u00f3n del consejero de Educaci\u00f3n y Universidades por la que se establece el calendario escolar del curso 2025-2026 para los centros docentes no universitarios de la comunidad aut\u00f3noma de las Illes Balears (BOIB de 1\/05\/2025), se hace p\u00fablico en la p\u00e1gina web del centro el calendario del pr\u00f3ximo curso.<\/p>\n<p><\/b><\/div>\n<div><span><b>adem\u00e1s, en los d\u00edas festivos de este calendario, cada centro docente podr\u00e1 a\u00f1adir dos d\u00edas festivos de libre disposici\u00f3n una vez hayan sido aprobados. Los consejos escolares municipales, en su caso, tienen que promover que todos los centros del municipio o la localidad establezcan los mismos d\u00edas de libre disposici\u00f3n, siempre que sea posible.<br \/>Igualmente, se consideran d\u00edas festivos las dos fiestas locales oficialmente determinadas por la corporaci\u00f3n correspondiente, el mismo d\u00eda de la celebraci\u00f3n. Cuando una de las dos fiestas locales o las dos coincidan con d\u00edas no lectivos del curso 2025-2026, el centro puede determinar, en sustituci\u00f3n de estas, tantos de d\u00edas no lectivos como coincidencias se hayan producido, con un m\u00e1ximo de dos.<br \/>La elecci\u00f3n de estos d\u00edas se tiene que llevar a cabo a partir del calendario de fiestas locales del 2026 y la elige de festivos de libre disposici\u00f3n, notific\u00e1ndose al inicio del curso escolar 2025-2026. <\/b><\/span><\/div>\n<\/div>\n<p><span>CALENDARIO ESCOLAR 2025-26 CON INCLUSI\u00d3N DE LOS D\u00cdAS NO LECTIVOS DE LIBRE DISPOSICI\u00d3N, SEG\u00daN ACUERDO DEL 27 DE JUNIO DE 2025 DE LOS CENTROS DE LA ZONA DE LEVANTE<\/span><\/p>\n<p><a href=\"https:\/\/centredelamar.com\/wp-content\/uploads\/2025\/07\/Calendari_2025-2026-amb-lliure-disposicio.pdf\" rel=\"attachment wp-att-55574\">Calendario_2025-2026 con libre disposici\u00f3n<\/a><\/p>\n<p>[\/et_pb_accordion_item][et_pb_accordion_item title=\u00bbEl centro integrado de formaci\u00f3n profesional Centre de la Mar\u00bb _builder_version=\u00bb4.16&#8243; _module_preset=\u00bbdefault\u00bb custom_margin=\u00bb||5px||false|false\u00bb global_colors_info=\u00bb{}\u00bb open=\u00bboff\u00bb]<\/p>\n<p>Un centro integrado de formaci\u00f3n profesional (CIFP) es un centro en el que se pueden impartir t\u00edtulos de formaci\u00f3n profesional que depende directamente de la Consejer\u00eda de Educaci\u00f3n, Universidad e Investigaci\u00f3n de las Islas Baleares. El centro integrado de formaci\u00f3n profesional Centro de la Mar en Menorca se cre\u00f3 mediante el Decreto 12\/2018, de 27 de abril (BOIB n\u00fam. 52, de 28 de abril).<\/p>\n<p>El Centro del Mar est\u00e1 incluido en la familia profesional de Transporte y Mantenimiento de Veh\u00edculos, ya trav\u00e9s de esta familia est\u00e1 establecido en el \u00e1rea profesional de n\u00e1utica en mantenimiento y reparaci\u00f3n de embarcaciones deportivas y de recreo y, por tanto, imparte formaci\u00f3n profesional reglada de esta especialidad.<\/p>\n<p>[\/et_pb_accordion_item][et_pb_accordion_item title=\u00bbAlumnado\u00bb _builder_version=\u00bb4.16&#8243; _module_preset=\u00bbdefault\u00bb custom_margin=\u00bb||5px||false|false\u00bb global_colors_info=\u00bb{}\u00bb open=\u00bboff\u00bb]<\/p>\n<ul>\n<li><a href=\"http:\/\/www.caib.es\/govern\/organigrama\/area.do?lang=ca&amp;coduo=7\" target=\"_blank\" rel=\"noopener noreferrer\">Consejer\u00eda de Educaci\u00f3n, Universidad e Investigaci\u00f3n<\/a><\/li>\n<li><a href=\"https:\/\/www3.caib.es\/xestib\/families\/home\" target=\"_blank\" rel=\"noopener noreferrer\">Accede al espacio para las familias del centro (GESTIB)<\/a><\/li>\n<\/ul>\n<p>[\/et_pb_accordion_item][et_pb_accordion_item title=\u00bbProfesorado\u00bb _builder_version=\u00bb4.16&#8243; _module_preset=\u00bbdefault\u00bb custom_margin=\u00bb||5px||false|false\u00bb global_colors_info=\u00bb{}\u00bb open=\u00bboff\u00bb]<\/p>\n<ul>\n<li><a href=\"https:\/\/www.caib.es\/pfunciona\/\" target=\"_blank\" rel=\"noopener noreferrer\">Entra en el espacio para docentes del centro &#8211; Portal del personal<\/a><\/li>\n<li><a href=\"http:\/\/www.caib.es\/govern\/organigrama\/area.do?lang=ca&amp;coduo=7\" target=\"_blank\" rel=\"noopener noreferrer\">Consejer\u00eda de Educaci\u00f3n, Universidad e Investigaci\u00f3n<\/a><\/li>\n<li><a href=\"https:\/\/www3.caib.es\/xestib\/gestioAcademica\/home\/\" target=\"_blank\" rel=\"noopener noreferrer\">Accede al espacio para docentes del centro (GESTIB)<\/a><\/li>\n<\/ul>\n<p>&nbsp;<\/p>\n<p>[\/et_pb_accordion_item][et_pb_accordion_item title=\u00bbSolicitud T\u00cdTULO CFGM\u00bb _builder_version=\u00bb4.27.4&#8243; _module_preset=\u00bbdefault\u00bb link_option_url_new_window=\u00bbon\u00bb global_colors_info=\u00bb{}\u00bb open=\u00bboff\u00bb]<\/p>\n<p><a href=\"https:\/\/centredelamar.com\/wp-content\/uploads\/2025\/07\/Instruccions-taxes-i-peticio-titol-GM-jul25.pdf\" rel=\"attachment wp-att-55495\">Instruccions taxes i peticio titol GM jul25<\/a> <a href=\"https:\/\/centredelamar.com\/wp-content\/uploads\/2025\/07\/Instruccions-taxes-i-peticio-titol-GM.pdf\" rel=\"attachment wp-att-55497\">Instruccions taxes i peticio titol GM<\/a><\/p>\n<p>[\/et_pb_accordion_item][et_pb_accordion_item title=\u00bbDocumentaci\u00f3n del centro\u00bb _builder_version=\u00bb4.27.5&#8243; _module_preset=\u00bbdefault\u00bb global_colors_info=\u00bb{}\u00bb open=\u00bboff\u00bb]<\/p>\n<p><a href=\"https:\/\/centredelamar.com\/wp-content\/uploads\/2025\/07\/1-PLA-ATENCIO-DIVERSITAT-15FEB23.pdf\" rel=\"attachment wp-att-55522\">1 PLAN ATENCI\u00d3N DIVERSIDAD 15FEB23<\/a><\/p>\n<p><a href=\"https:\/\/centredelamar.com\/wp-content\/uploads\/2025\/07\/2-PLA-DACCIO-TUTORIAL-30JUN23.pdf\" rel=\"attachment wp-att-55520\"><span><\/span><\/a><a href=\"https:\/\/centredelamar.com\/wp-content\/uploads\/2026\/01\/POAT_CdM_2025-26.pdf\" rel=\"attachment wp-att-56497\">2 PLAN DE ORIENTACI\u00d3N Y ACCI\u00d3N TUTORIAL (POAT)<\/a><a href=\"https:\/\/centredelamar.com\/wp-content\/uploads\/2025\/07\/2-PLA-DACCIO-TUTORIAL-30JUN23.pdf\" rel=\"attachment wp-att-55520\"><\/a><\/p>\n<p><a href=\"https:\/\/centredelamar.com\/wp-content\/uploads\/2025\/07\/3-PLA-CONVIVENCIA-I-BENESTAR-JUN25.pdf\" rel=\"attachment wp-att-55518\">3 PLA CONVIVENCIA I BENESTAR JUN25<\/a><\/p>\n<p><a href=\"https:\/\/centredelamar.com\/wp-content\/uploads\/2025\/07\/4-PROJECTE-LINGUISTIC-CENTRE-2025_2030-JUN25.pdf\" rel=\"attachment wp-att-55516\">4 PROJECTE LING\u00dcISTIC CENTRE 2025_2030 JUN25<\/a><\/p>\n<p><a href=\"https:\/\/centredelamar.com\/wp-content\/uploads\/2025\/07\/5-PLA-DIGITAL-DE-CENTRE-2023_24.pdf\" rel=\"attachment wp-att-55514\">5 PLA DIGITAL DE CENTRE 2023_24<\/a><\/p>\n<p><a href=\"https:\/\/centredelamar.com\/wp-content\/uploads\/2025\/07\/6-ADDENDA-PLA-DIGITAL-CENTRE-23JUN25.pdf\" rel=\"attachment wp-att-55512\">6 ADDENDA PLA DIGITAL CENTRE 23JUN25<\/a><\/p>\n<p><a href=\"https:\/\/centredelamar.com\/wp-content\/uploads\/2025\/07\/7-CONCRECIO-CURRICULAR-JUN25.pdf\" rel=\"attachment wp-att-55510\">7 CONCRECIO CURRICULAR JUN25<\/a><\/p>\n<p><a href=\"https:\/\/centredelamar.com\/wp-content\/uploads\/2025\/07\/8-ROF-2024_25.pdf\" rel=\"attachment wp-att-55508\">8 ROF 2024_25<\/a><\/p>\n<p><a href=\"https:\/\/centredelamar.com\/wp-content\/uploads\/2025\/07\/9-PGA-2024_25.pdf\" rel=\"attachment wp-att-55506\">9 <\/a><a href=\"https:\/\/centredelamar.com\/wp-content\/uploads\/2025\/12\/PGA_CdM_2025-26_DEF.pdf\" rel=\"attachment wp-att-56477\">PGA 2025-2026<\/a><a href=\"https:\/\/centredelamar.com\/wp-content\/uploads\/2025\/07\/9-PGA-2024_25.pdf\" rel=\"attachment wp-att-55506\"><\/a><\/p>\n<p><a href=\"https:\/\/drive.google.com\/drive\/folders\/1pPPLK-xmkoK7ozxtlGhdYruSd6S0ENRn?usp=sharing\" target=\"_blank\" data-saferedirecturl=\"https:\/\/www.google.com\/url?q=https:\/\/drive.google.com\/drive\/folders\/1pPPLK-xmkoK7ozxtlGhdYruSd6S0ENRn?usp%3Dsharing&amp;source=gmail&amp;ust=1770974168301000&amp;usg=AOvVaw2D1TaDO_m3f6JfganZaLAI\" rel=\"noopener\"> 9.1 Programaciones did\u00e1cticas Departamento TMV<\/a><\/p>\n<p><a href=\"https:\/\/drive.google.com\/drive\/folders\/11or9g0n9q1wEjghpNvjgHB9Tr_X65G2b?usp=sharing\" target=\"_blank\" data-saferedirecturl=\"https:\/\/www.google.com\/url?q=https:\/\/drive.google.com\/drive\/folders\/11or9g0n9q1wEjghpNvjgHB9Tr_X65G2b?usp%3Dsharing&amp;source=gmail&amp;ust=1770974168301000&amp;usg=AOvVaw11SXQwnJ3yWMM457rWAD30\" rel=\"noopener\"> 9.2 Programaciones did\u00e1cticas Departamento Orientaci\u00f3n e informaci\u00f3n Profesional<\/a><\/p>\n<p><a href=\"https:\/\/drive.google.com\/drive\/folders\/1MPm8ZP-XRrMrwwN81L3L2sXR5aASOT5N?usp=sharing\" target=\"_blank\" data-saferedirecturl=\"https:\/\/www.google.com\/url?q=https:\/\/drive.google.com\/drive\/folders\/1MPm8ZP-XRrMrwwN81L3L2sXR5aASOT5N?usp%3Dsharing&amp;source=gmail&amp;ust=1770974168301000&amp;usg=AOvVaw3DEWOd_iR7Om33nhcWmG_b\" rel=\"noopener\"> 9.3 Programaciones ofrecida Grados C, Grados B y EEFF<\/a><\/p>\n<p>&nbsp;<\/p>\n<p>&nbsp;<\/p>\n<p>&nbsp;<\/p>\n<p>&nbsp;<\/p>\n<p>&nbsp;<\/p>\n<p>&nbsp;<\/p>\n<p><a href=\"https:\/\/centredelamar.com\/wp-content\/uploads\/2025\/07\/5-PLA-DIGITAL-DE-CENTRE-2023_24.pdf\" rel=\"attachment wp-att-55514\"><\/a><\/p>\n<p>&nbsp;<\/p>\n<p>&nbsp;<\/p>\n<p>&nbsp;<\/p>\n<p>[\/et_pb_accordion_item][\/et_pb_accordion][\/et_pb_column_inner][\/et_pb_row_inner][\/et_pb_column][et_pb_column type=\u00bb1_4&#8243; _builder_version=\u00bb4.16&#8243; custom_padding=\u00bb|||\u00bb global_colors_info=\u00bb{}\u00bb custom_padding__hover=\u00bb|||\u00bb][et_pb_text _builder_version=\u00bb4.27.4&#8243; _module_preset=\u00bbdefault\u00bb text_font=\u00bbBariol Bold||||||||\u00bb text_text_color=\u00bb#ffffff\u00bb text_font_size=\u00bb22px\u00bb background_color=\u00bb#e31e52&#8243; text_orientation=\u00bbcenter\u00bb custom_padding=\u00bb30px|5px|30px|5px|true|true\u00bb link_option_url=\u00bbhttps:\/\/centredelamar.com\/wp-content\/uploads\/2025\/06\/SOL\u00b7LICITUD-2025_26-MATRICULA-formulari-def.pdf\u00bb link_option_url_new_window=\u00bbon\u00bb border_width_all=\u00bb2px\u00bb border_color_all=\u00bb#e31e52&#8243; global_colors_info=\u00bb{}\u00bb text_text_color__hover_enabled=\u00bbon|hover\u00bb text_text_color__hover=\u00bb#e31e52&#8243; background__hover_enabled=\u00bbon|hover\u00bb background_color__hover=\u00bb#ffffff\u00bb background_enable_color__hover=\u00bbon\u00bb]<\/p>\n<p>SOLICITUD DE MATRICULA 2025\/2026<\/p>\n<p>[\/et_pb_text][et_pb_text _builder_version=\u00bb4.27.4&#8243; _module_preset=\u00bbdefault\u00bb text_font=\u00bbBariol Bold||||||||\u00bb text_text_color=\u00bb#ffffff\u00bb text_font_size=\u00bb22px\u00bb background_color=\u00bb#e31e52&#8243; text_orientation=\u00bbcenter\u00bb custom_padding=\u00bb30px|5px|30px|5px|true|true\u00bb link_option_url=\u00bbhttps:\/\/centredelamar.com\/wp-content\/uploads\/2025\/07\/FORMULARI-AUTORITZACIO-ALTRE-PROGENITOR-1.pdf\u00bb link_option_url_new_window=\u00bbon\u00bb border_width_all=\u00bb2px\u00bb border_color_all=\u00bb#e31e52&#8243; global_colors_info=\u00bb{}\u00bb text_text_color__hover_enabled=\u00bbon|hover\u00bb text_text_color__hover=\u00bb#e31e52&#8243; background__hover_enabled=\u00bbon|hover\u00bb background_color__hover=\u00bb#ffffff\u00bb background_enable_color__hover=\u00bbon\u00bb]<\/p>\n<p data-pm-slice=\"1 1 []\">Formulario autorizaci\u00f3n otro progenitor<\/p>\n<p>[\/et_pb_text][et_pb_text _builder_version=\u00bb4.27.4&#8243; _module_preset=\u00bbdefault\u00bb text_font=\u00bbBariol Bold||||||||\u00bb text_text_color=\u00bb#ffffff\u00bb text_font_size=\u00bb22px\u00bb background_color=\u00bb#e31e52&#8243; text_orientation=\u00bbcenter\u00bb custom_padding=\u00bb30px|5px|30px|5px|true|true\u00bb link_option_url=\u00bbhttps:\/\/centredelamar.com\/wp-content\/uploads\/2025\/07\/FORMULARI-BUS-ESCOLAR-2025_26.pdf\u00bb link_option_url_new_window=\u00bbon\u00bb border_width_all=\u00bb2px\u00bb border_color_all=\u00bb#e31e52&#8243; global_colors_info=\u00bb{}\u00bb text_text_color__hover_enabled=\u00bbon|hover\u00bb text_text_color__hover=\u00bb#e31e52&#8243; background__hover_enabled=\u00bbon|hover\u00bb background_color__hover=\u00bb#ffffff\u00bb background_enable_color__hover=\u00bbon\u00bb]<\/p>\n<p>Formulario Transporte escolar 2025\/2026<\/p>\n<p>[\/et_pb_text][et_pb_image src=\u00bbhttp:\/\/centredelamar.com\/wp-content\/uploads\/2021\/06\/centredelamar_cifp_fonstransparent-1.png\u00bb title_text=\u00bbcentredelamar_cifp_fonstransparent (1)\u00bb align=\u00bbcenter\u00bb _builder_version=\u00bb4.18.0&#8243; _module_preset=\u00bbdefault\u00bb max_width=\u00bb210px\u00bb global_colors_info=\u00bb{}\u00bb][\/et_pb_image][\/et_pb_column][\/et_pb_section][et_pb_section fb_built=\u00bb1&#8243; custom_padding_last_edited=\u00bbon|phone\u00bb _builder_version=\u00bb4.18.0&#8243; _module_preset=\u00bbdefault\u00bb custom_padding=\u00bb0px||120px||false|false\u00bb custom_padding_tablet=\u00bb0px||120px||false|false\u00bb custom_padding_phone=\u00bb0px||50px||false|false\u00bb da_disable_devices=\u00bboff|off|off\u00bb global_colors_info=\u00bb{}\u00bb da_is_popup=\u00bboff\u00bb da_exit_intent=\u00bboff\u00bb da_has_close=\u00bbon\u00bb da_alt_close=\u00bboff\u00bb da_dark_close=\u00bboff\u00bb da_not_modal=\u00bbon\u00bb da_is_singular=\u00bboff\u00bb da_with_loader=\u00bboff\u00bb da_has_shadow=\u00bbon\u00bb][et_pb_row _builder_version=\u00bb4.16&#8243; _module_preset=\u00bbdefault\u00bb global_colors_info=\u00bb{}\u00bb][et_pb_column type=\u00bb4_4&#8243; _builder_version=\u00bb4.16&#8243; _module_preset=\u00bbdefault\u00bb global_colors_info=\u00bb{}\u00bb][et_pb_text _builder_version=\u00bb4.18.0&#8243; _module_preset=\u00bbdefault\u00bb header_3_font=\u00bb|||on|||||\u00bb header_3_font_size=\u00bb19px\u00bb custom_margin=\u00bb||10px||false|false\u00bb custom_padding=\u00bb|||24px|false|false\u00bb border_width_bottom=\u00bb1px\u00bb border_color_bottom=\u00bb#ededed\u00bb border_style_bottom=\u00bbdashed\u00bb global_colors_info=\u00bb{}\u00bb]<\/p>\n<h2>Documentos informativos<\/h2>\n<p>[\/et_pb_text][\/et_pb_column][\/et_pb_row][et_pb_row _builder_version=\u00bb4.16&#8243; _module_preset=\u00bbdefault\u00bb custom_margin=\u00bb||40px||false|false\u00bb custom_padding=\u00bb20px|20px||20px|false|true\u00bb border_width_all=\u00bb1px\u00bb border_color_all=\u00bb#e2e2e2&#8243; global_colors_info=\u00bb{}\u00bb][et_pb_column type=\u00bb4_4&#8243; _builder_version=\u00bb4.16&#8243; _module_preset=\u00bbdefault\u00bb global_colors_info=\u00bb{}\u00bb][et_pb_text _builder_version=\u00bb4.18.0&#8243; _module_preset=\u00bbdefault\u00bb text_font=\u00bb|600|||||||\u00bb text_font_size=\u00bb15px\u00bb text_letter_spacing=\u00bb1px\u00bb text_orientation=\u00bbcenter\u00bb custom_margin=\u00bb||20px||false|false\u00bb global_colors_info=\u00bb{}\u00bb]<\/p>\n<p>Documento informativo sobre las OBLIGACIONES y los DERECHOS del alumnado de los cursos del SOIB e informaci\u00f3n sobre el estado de la DEMANDA DE EMPLEO durante los cursos<\/p>\n<p>[\/et_pb_text][et_pb_text _builder_version=\u00bb4.27.4&#8243; _module_preset=\u00bbfa7d1213-ad25-4849-91fa-a43352bb866a\u00bb text_font_size=\u00bb14px\u00bb max_width=\u00bb400px\u00bb module_alignment=\u00bbcenter\u00bb link_option_url=\u00bbhttps:\/\/centredelamar.com\/wp-content\/uploads\/2025\/07\/D9C_Formacio-en-el-treball_cat_OBLIGACIONS_DRETS_INFODEMANDA_-desembre-2024-2.pdf\u00bb link_option_url_new_window=\u00bbon\u00bb locked=\u00bboff\u00bb global_colors_info=\u00bb{}\u00bb]<\/p>\n<p>Ver \/ descargar<\/p>\n<p>[\/et_pb_text][\/et_pb_column][\/et_pb_row][et_pb_row _builder_version=\u00bb4.16&#8243; _module_preset=\u00bbdefault\u00bb custom_margin=\u00bb||40px||false|false\u00bb custom_padding=\u00bb20px|20px||20px|false|true\u00bb border_width_all=\u00bb1px\u00bb border_color_all=\u00bb#e2e2e2&#8243; global_colors_info=\u00bb{}\u00bb][et_pb_column type=\u00bb4_4&#8243; _builder_version=\u00bb4.16&#8243; _module_preset=\u00bbdefault\u00bb global_colors_info=\u00bb{}\u00bb][et_pb_text _builder_version=\u00bb4.16&#8243; _module_preset=\u00bbdefault\u00bb text_font=\u00bb|600|||||||\u00bb text_font_size=\u00bb15px\u00bb text_letter_spacing=\u00bb1px\u00bb text_orientation=\u00bbcenter\u00bb custom_margin=\u00bb||20px||false|false\u00bb global_colors_info=\u00bb{}\u00bb]Documento informativo sobre el ACCESO e INCORPORACI\u00d3N del alumnado de los cursos del SOIB<br \/>\n[\/et_pb_text][et_pb_text _builder_version=\u00bb4.27.4&#8243; _module_preset=\u00bbfa7d1213-ad25-4849-91fa-a43352bb866a\u00bb text_font_size=\u00bb14px\u00bb max_width=\u00bb400px\u00bb module_alignment=\u00bbcenter\u00bb link_option_url=\u00bbhttps:\/\/centredelamar.com\/wp-content\/uploads\/2025\/07\/D9B_Formacio-en-el-treball_cat_-ACCES_REQUISITS_INCORPORACIO_desembre-2024-1.pdf\u00bb link_option_url_new_window=\u00bbon\u00bb locked=\u00bboff\u00bb global_colors_info=\u00bb{}\u00bb]<\/p>\n<p>Ver \/ descargar<\/p>\n<p>[\/et_pb_text][\/et_pb_column][\/et_pb_row][\/et_pb_section]<\/p>\n","protected":false},"excerpt":{"rendered":"<p>Secretaria CIFPCentro Integrado de Formaci\u00f3n Profesional del SOIB Centre de la Mar CALENDARIO ESCOLAR 2026-27MATRICULACI\u00d3N DE LOS ALUMNOS Pod\u00e9is hacer este tr\u00e1mite a trav\u00e9s de una de las f\u00f3rmulas siguientes: Presencialmente en el centro, aportando el formulario de matr\u00edcula debidamente rellenado y la documentaci\u00f3n requerida. Enviando la hoja de matr\u00edcula y la documentaci\u00f3n anexa, por [&hellip;]<\/p>\n","protected":false},"author":1,"featured_media":0,"parent":0,"menu_order":0,"comment_status":"closed","ping_status":"closed","template":"","meta":{"_acf_changed":false,"_et_pb_use_builder":"on","_et_pb_old_content":"","_et_gb_content_width":"","footnotes":"","_links_to":"","_links_to_target":""},"class_list":["post-53856","page","type-page","status-publish","hentry"],"acf":[],"publishpress_future_action":{"enabled":false,"date":"2026-05-03 19:48:22","action":"change-status","newStatus":"draft","terms":[],"taxonomy":"translation_priority","extraData":[]},"publishpress_future_workflow_manual_trigger":{"enabledWorkflows":[]},"_links":{"self":[{"href":"https:\/\/centredelamar.com\/es\/wp-json\/wp\/v2\/pages\/53856","targetHints":{"allow":["GET"]}}],"collection":[{"href":"https:\/\/centredelamar.com\/es\/wp-json\/wp\/v2\/pages"}],"about":[{"href":"https:\/\/centredelamar.com\/es\/wp-json\/wp\/v2\/types\/page"}],"author":[{"embeddable":true,"href":"https:\/\/centredelamar.com\/es\/wp-json\/wp\/v2\/users\/1"}],"replies":[{"embeddable":true,"href":"https:\/\/centredelamar.com\/es\/wp-json\/wp\/v2\/comments?post=53856"}],"version-history":[{"count":14,"href":"https:\/\/centredelamar.com\/es\/wp-json\/wp\/v2\/pages\/53856\/revisions"}],"predecessor-version":[{"id":56692,"href":"https:\/\/centredelamar.com\/es\/wp-json\/wp\/v2\/pages\/53856\/revisions\/56692"}],"wp:attachment":[{"href":"https:\/\/centredelamar.com\/es\/wp-json\/wp\/v2\/media?parent=53856"}],"curies":[{"name":"wp","href":"https:\/\/api.w.org\/{rel}","templated":true}]}}