{"id":53735,"date":"2022-09-21T17:20:34","date_gmt":"2022-09-21T15:20:34","guid":{"rendered":"https:\/\/centredelamar.com\/crn\/"},"modified":"2026-01-19T11:04:57","modified_gmt":"2026-01-19T10:04:57","slug":"crn","status":"publish","type":"page","link":"https:\/\/centredelamar.com\/es\/crn\/","title":{"rendered":"CRN"},"content":{"rendered":"<p>[et_pb_section fb_built=\u00bb1&#8243; _builder_version=\u00bb4.16&#8243; _module_preset=\u00bbdefault\u00bb background_color=\u00bb#f9f9f9&#8243; custom_padding=\u00bb0px||0px||false|false\u00bb da_disable_devices=\u00bboff|off|off\u00bb border_width_bottom=\u00bb1px\u00bb border_color_bottom=\u00bb#ededed\u00bb border_style_bottom=\u00bbdashed\u00bb saved_tabs=\u00bball\u00bb global_colors_info=\u00bb{}\u00bb da_is_popup=\u00bboff\u00bb da_exit_intent=\u00bboff\u00bb da_has_close=\u00bbon\u00bb da_alt_close=\u00bboff\u00bb da_dark_close=\u00bboff\u00bb da_not_modal=\u00bbon\u00bb da_is_singular=\u00bboff\u00bb da_with_loader=\u00bboff\u00bb da_has_shadow=\u00bbon\u00bb][et_pb_row _builder_version=\u00bb4.16&#8243; _module_preset=\u00bbdefault\u00bb custom_padding=\u00bb50px||||false|false\u00bb global_colors_info=\u00bb{}\u00bb][et_pb_column type=\u00bb4_4&#8243; _builder_version=\u00bb4.16&#8243; _module_preset=\u00bbdefault\u00bb global_colors_info=\u00bb{}\u00bb][et_pb_text _builder_version=\u00bb4.18.0&#8243; _module_preset=\u00bbf000dfbd-5fc7-46b7-88db-37a369f4e677&#8243; global_colors_info=\u00bb{}\u00bb]<\/p>\n<h1>Centro de Referencia Nacional de N\u00e1utica<\/h1>\n<p>[\/et_pb_text][\/et_pb_column][\/et_pb_row][\/et_pb_section][et_pb_section fb_built=\u00bb1&#8243; _builder_version=\u00bb4.18.0&#8243; _module_preset=\u00bbdefault\u00bb custom_margin=\u00bb||||false|false\u00bb custom_padding=\u00bb0px||||false|false\u00bb da_disable_devices=\u00bboff|off|off\u00bb global_colors_info=\u00bb{}\u00bb da_is_popup=\u00bboff\u00bb da_exit_intent=\u00bboff\u00bb da_has_close=\u00bbon\u00bb da_alt_close=\u00bboff\u00bb da_dark_close=\u00bboff\u00bb da_not_modal=\u00bbon\u00bb da_is_singular=\u00bboff\u00bb da_with_loader=\u00bboff\u00bb da_has_shadow=\u00bbon\u00bb][et_pb_row use_custom_gutter=\u00bbon\u00bb gutter_width=\u00bb1&#8243; make_equal=\u00bbon\u00bb _builder_version=\u00bb4.17.6&#8243; _module_preset=\u00bbdefault\u00bb custom_padding=\u00bb||0px||false|false\u00bb global_colors_info=\u00bb{}\u00bb][et_pb_column type=\u00bb4_4&#8243; _builder_version=\u00bb4.16&#8243; _module_preset=\u00bbdefault\u00bb global_colors_info=\u00bb{}\u00bb][et_pb_image src=\u00bbhttp:\/\/centredelamar.com\/wp-content\/uploads\/2024\/03\/logos-centre-de-la-mar-CRN-1-e1758533839704.png\u00bb title_text=\u00bblogos centre de la mar CRN\u00bb align=\u00bbcenter\u00bb _builder_version=\u00bb4.27.4&#8243; _module_preset=\u00bbdefault\u00bb global_colors_info=\u00bb{}\u00bb][\/et_pb_image][\/et_pb_column][\/et_pb_row][et_pb_row _builder_version=\u00bb4.17.6&#8243; _module_preset=\u00bbdefault\u00bb global_colors_info=\u00bb{}\u00bb][et_pb_column type=\u00bb4_4&#8243; _builder_version=\u00bb4.16&#8243; _module_preset=\u00bbdefault\u00bb global_colors_info=\u00bb{}\u00bb][et_pb_accordion icon_color=\u00bb#e31e52&#8243; use_icon_font_size=\u00bbon\u00bb icon_font_size=\u00bb21px\u00bb _builder_version=\u00bb4.27.5&#8243; _module_preset=\u00bbdefault\u00bb toggle_font_size=\u00bb18px\u00bb body_link_font=\u00bb||||||||\u00bb custom_margin=\u00bb||||false|false\u00bb hover_enabled=\u00bb0&#8243; global_colors_info=\u00bb{}\u00bb sticky_enabled=\u00bb0&#8243;][et_pb_accordion_item title=\u00bbnull\u00bb open=\u00bbon\u00bb _builder_version=\u00bb4.18.0&#8243; _module_preset=\u00bbdefault\u00bb custom_margin=\u00bb||5px||false|false\u00bb custom_css_main_element=\u00bbdisplay:none\u00bb global_colors_info=\u00bb{}\u00bb][\/et_pb_accordion_item][et_pb_accordion_item title=\u00bbQu\u00e9 es un CRN\u00bb _builder_version=\u00bb4.27.4&#8243; _module_preset=\u00bbdefault\u00bb custom_margin=\u00bb||5px||false|false\u00bb global_colors_info=\u00bb{}\u00bb open=\u00bboff\u00bb]<\/p>\n<p>Un Centro de Referencia Nacional es un centro p\u00fablico de innovaci\u00f3n y experimentaci\u00f3n que act\u00faa como una instituci\u00f3n al servicio de los sistemas de formaci\u00f3n profesional para facilitar su competitividad y calidad y dar respuesta a los cambios en la demanda de calificaci\u00f3n de los sectores productivos. Se distingue por programar y ejecutar actuaciones de car\u00e1cter innovador, experimental y formativo en materia de formaci\u00f3n para el empleo, en el \u00e1mbito del sector productivo que tiene asignado, de modo que sirva de referente al conjunto del Sistema Nacional de Cualificaciones y Formaci\u00f3n Profesional para el desarrollo de la formaci\u00f3n profesional.<\/p>\n<p>Las principales caracter\u00edsticas son la especializaci\u00f3n en los diferentes sectores productivos, la utilidad como referencia, a escala estatal, en el \u00e1mbito de una familia profesional, y que dispone del equipamiento y espacio adecuado para desarrollar las actividades de formaci\u00f3n e investigaci\u00f3n de la familia profesional que tenga asignada.<\/p>\n<p>La Ley org\u00e1nica 5\/2020, de 19 de junio, de las Cualificaciones y de la Formaci\u00f3n Profesional, estableci\u00f3 que \u00abla innovaci\u00f3n y experimentaci\u00f3n en materia de formaci\u00f3n profesional debe desarrollarse a trav\u00e9s de una Red de Centros de Referencia Nacional, con implantaci\u00f3n en todas las comunidades aut\u00f3nomas, especializados en los diferentes sectores productivos\u00bb.<\/p>\n<p>El Real Decreto 229\/2008, de 15 de febrero, por el que se regulan los Centros de Referencia Nacional en el \u00e1mbito de la formaci\u00f3n profesional, desarrolla lo establecido en la Ley, y define, entre otros aspectos, los fines, funciones, funcionamiento, financiaci\u00f3n de los centros, etc., as\u00ed como la creaci\u00f3n, calificaci\u00f3n y titularidad de la Red de Centros de Referencia Nacional en el \u00e1mbito de la formaci\u00f3n profesional.<\/p>\n<p>[\/et_pb_accordion_item][et_pb_accordion_item title=\u00bbCu\u00e1les son las funciones y los objetivos\u00bb _builder_version=\u00bb4.16&#8243; _module_preset=\u00bbdefault\u00bb custom_margin=\u00bb||5px||false|false\u00bb global_colors_info=\u00bb{}\u00bb open=\u00bboff\u00bb]<\/p>\n<p><strong> Funciones:<\/strong><\/p>\n<p>Entre las funciones que tiene, figura el an\u00e1lisis de nuevas tendencias formativas, la experimentaci\u00f3n y la puesta en pr\u00e1ctica, y la promoci\u00f3n de redes tanto con organizaciones empresariales y sindicales como con universidades y centros tecnol\u00f3gicos, con el fin de ser punteros cada uno en un sector productivo relacionado con las familias y las \u00e1reas profesionales del <a href=\"https:\/\/www.sepe.es\/HomeSepe\/Personas\/formacion\/certificados-profesionalidad\/familias-profesionales.html\" target=\"_blank\" rel=\"noopener noreferrer\">Cat\u00e0leg Nacional de Qualificacions Professionals<\/a><\/p>\n<p>Para cumplir este objetivo, adoptar\u00e1 las medidas, proyectos y programas precisos para atender a las necesidades de los sectores emergentes e innovadores y conseguir as\u00ed una formaci\u00f3n profesional m\u00e1s competitiva, que responda a los cambios productivos que pide el mercado de trabajo.<\/p>\n<p> <strong>Las funciones de los centros de referencia nacional<\/strong>, en el \u00e1mbito de la familia profesional asignada, son las siguientes:<br \/><strong>1.<\/strong> Observar y analizar, en el \u00e1mbito estatal y auton\u00f3mico, la evoluci\u00f3n de los sectores productivos para adecuar la oferta de formaci\u00f3n a las necesidades del mercado de trabajo.<br \/><strong>2<\/strong>. Colaborar con el Instituto Nacional de las Calificaciones en la actualizaci\u00f3n del Cat\u00e1logo Nacional de las Calificaciones Profesionales.<br \/><strong>3.<\/strong> Experimentar acciones de innovaci\u00f3n formativa vinculadas al Cat\u00e1logo Nacional de Cualificaciones Profesionales para validar su adecuaci\u00f3n y, en su caso, elaborar contenidos, metodolog\u00edas y materiales did\u00e1cticos para proponer su actualizaci\u00f3n.<br \/><strong>4.<\/strong> Colaborar y, en su caso, llevar a cabo los estudios necesarios para elaborar certificados de profesionalidad, as\u00ed como participar en la ejecuci\u00f3n, custodia, mantenimiento y actualizaci\u00f3n de pruebas de evaluaci\u00f3n.<br \/><strong>5.<\/strong> Estudiar la idoneidad de instalaciones, equipamientos y medios did\u00e1cticos, desarrollar t\u00e9cnicas de organizaci\u00f3n y gesti\u00f3n de la formaci\u00f3n y proponer la aplicaci\u00f3n de criterios, indicadores y dispositivos de calidad para centros y entidades de formaci\u00f3n.<br \/><strong>6.<\/strong> Colaborar con las organizaciones empresariales y sindicales m\u00e1s representativas, as\u00ed como con las Comisiones Paritarias constituidas al amparo de la negociaci\u00f3n colectiva sectorial de \u00e1mbito estatal.<br \/><strong>7.<\/strong> Establecer v\u00ednculos de colaboraci\u00f3n, incluyendo la gesti\u00f3n de redes virtuales, con institutos y agencias de calificaciones auton\u00f3micos, universidades, centros tecnol\u00f3gicos y de investigaci\u00f3n, Centros Integrados de Formaci\u00f3n Profesional, empresas y otras unidades para fomentar la investigaci\u00f3n, innovaci\u00f3n y desarrollo de formaci\u00f3n profesional, as\u00ed como para observar y analizar la evoluci\u00f3n de las bases cient\u00edficas y tecnol\u00f3gicas relacionadas con los procesos de formaci\u00f3n o con el sector de referencia.<br \/><strong>8.<\/strong> Contribuir al dise\u00f1o y desarrollo de planes de perfeccionamiento t\u00e9cnico y metodol\u00f3gico dirigidos al personal docente y formador, expertos y orientadores profesionales, as\u00ed como a evaluadores que intervengan en procesos de reconocimiento de competencias profesionales.<br \/><strong>9.<\/strong> Colaborar en el procedimiento de evaluaci\u00f3n y acreditaci\u00f3n de las competencias profesionales, de acuerdo con el despliegue del art\u00edculo 8 de la Ley org\u00e1nica 5\/2002, de 19 de junio, de las Cualificaciones y de la Formaci\u00f3n Profesional.<\/p>\n<p>&nbsp;<\/p>\n<p><strong>Objetivos:<\/strong><br \/><strong>El objetivo de un Centro de Referencia Nacional <\/strong>es promover la competitividad de la industria del mantenimiento n\u00e1utico a trav\u00e9s de la formaci\u00f3n. Para ello el Centro desarrolla una serie de actividades que incluyen tanto la observaci\u00f3n y la investigaci\u00f3n del sector, con el fin de determinar las necesidades formativas, c\u00f3mo el desarrollo y la experimentaci\u00f3n en materia de formaci\u00f3n; todo esto directamente relacionado con la adecuaci\u00f3n del Cat\u00e1logo nacional de cualificaciones profesionales y la acreditaci\u00f3n y reconocimiento de las competencias profesionales.<br \/> Objetivos principales:<br \/><strong>1.<\/strong> Contribuir a la promoci\u00f3n, difusi\u00f3n y desarrollo de la formaci\u00f3n profesional dentro de los fines asignados a los centros de referencia nacional.<\/p>\n<p><strong>2.<\/strong> Realizar acciones de innovaci\u00f3n, experimentaci\u00f3n, desarrollo y mejora vinculadas al funcionamiento de los instrumentos del Sistema Nacional de Cualificaciones y Formaci\u00f3n Profesional.<\/p>\n<p><strong>3.<\/strong> Establecer redes de colaboraci\u00f3n con el sector empresarial, con los agentes sociales y otras entidades formativas para identificar la evoluci\u00f3n de las necesidades de calificaci\u00f3n y apoyo a las l\u00edneas de actuaci\u00f3n en materia de formaci\u00f3n profesional que favorezcan la empleabilidad.<\/p>\n<p><strong>4.<\/strong> Desarrollar una plataforma de centros de referencia nacional para dar soluci\u00f3n inform\u00e1tica a los procesos de gesti\u00f3n y difusi\u00f3n de la red.<\/p>\n<p>[\/et_pb_accordion_item][et_pb_accordion_item title=\u00bb\u00bfQu\u00e9 es el CRN n\u00e1utica del Centro del Mar?\u00bb _builder_version=\u00bb4.16&#8243; _module_preset=\u00bbdefault\u00bb custom_margin=\u00bb||5px||false|false\u00bb global_colors_info=\u00bb{}\u00bb open=\u00bboff\u00bb]<\/p>\n<p>El <a href=\"https:\/\/www.todofp.es\/sobre-fp\/informacion-general\/centros-referencia-nacional\/centros\/tmv.html\" target=\"_blank\" rel=\"noopener noreferrer\">Centro de Referencia Nacional de Formaci\u00f3n Profesional del \u00e1rea de N\u00e1utica<\/a>, Centro del Mar, es un centro de car\u00e1cter p\u00fablico integrado en la <a href=\"https:\/\/www.todofp.es\/sobre-fp\/informacion-general\/centros-referencia-nacional\/centros.html\" target=\"_blank\" rel=\"noopener noreferrer\"> Red Nacional de Centros de Referencia Nacional de Formaci\u00f3n Profesional<\/a> que pertenece a la familia de Transporte y Mantenimiento de Veh\u00edculos, \u00e1rea de N\u00e1utica: embarcaciones deportivas y de recreo. Fue creado el 13 de septiembre de 2019, mediante el Real Decreto 523\/2019. <br \/>El Consejo Social est\u00e1 compuesto por dos miembros de la Administraci\u00f3n Auton\u00f3mica, dos miembros de la Administraci\u00f3n General del Estado, dos miembros de las organizaciones empresariales y dos miembros de las organizaciones sindicales con representaci\u00f3n en la Comunidad Aut\u00f3noma.<\/p>\n<p>[\/et_pb_accordion_item][et_pb_accordion_item title=\u00bbPlanes de trabajo\u00bb _builder_version=\u00bb4.27.5&#8243; _module_preset=\u00bbdefault\u00bb custom_margin=\u00bb||5px||false|false\u00bb hover_enabled=\u00bb0&#8243; global_colors_info=\u00bb{}\u00bb open=\u00bboff\u00bb sticky_enabled=\u00bb0&#8243;]<\/p>\n<ul>\n<li style=\"list-style-type: none;\">\n<ul>\n<li><a href=\"https:\/\/centredelamar.com\/wp-content\/uploads\/2020\/12\/plan_actuacion_plurianual_comun_crns.pdf\" target=\"_blank\" rel=\"noopener noreferrer\"><span>Plan de trabajo general 2019-2022 com\u00fan a todos los CRN<\/span><\/a><\/li>\n<li><a href=\"https:\/\/centredelamar.com\/wp-content\/uploads\/2020\/12\/plan_actuacion_plurianual_crn-nautica.pdf\" target=\"_blank\" rel=\"noopener noreferrer\">Plan plurianual 2019-2022 d&#8217;actuacions del CRN de N\u00e1utica<\/a><\/li>\n<li><a href=\"https:\/\/centredelamar.com\/wp-content\/uploads\/2020\/12\/plan-de-trabajo-2020-crn-de-nautica.pdf\" target=\"_blank\" rel=\"noopener noreferrer\">Plan de trabajo 2020 del CRN de N\u00e1utica<\/a><\/li>\n<li><a href=\"https:\/\/centredelamar.com\/wp-content\/uploads\/2021\/05\/DOCUMENTO-WEB-PLAN-DE-TRABAJO-ANUAL-CENTRO-DE-REFERENCIA-NACIONAL-DE-NAUTICA-2021.pdf\" rel=\"attachment noopener wp-att-50620\" target=\"_blank\" title=\"Plan de trabajo 2021 del CRN de N\u00e1utica\">Plan de trabajo 2021 del CRN de N\u00e1utica<\/a><\/li>\n<li><a href=\"https:\/\/centredelamar.com\/wp-content\/uploads\/2022\/04\/Pla-de-treball-2022-del-CRN-de-Nautica.pdf\" rel=\"attachment wp-att-52674\">Plan de trabajo 2022 del CRN de N\u00e1utica<\/a><\/li>\n<li><a href=\"http:\/\/centredelamar.com\/wp-content\/uploads\/2025\/07\/Pla-de-treball-general-2023-2026-comu-a-tots-els-CRN.pdf\" rel=\"attachment wp-att-55551\">Plan de trabajo general 2023-2026 com\u00fan a todos los CRN<\/a><\/li>\n<li><a href=\"http:\/\/centredelamar.com\/wp-content\/uploads\/2025\/07\/Pla-plurianual-2023-2026-dactuacions-del-CRN-de-Nautica-1.pdf\" rel=\"attachment wp-att-55549\">Plan plurianual 2023-2026 de actuaciones del CRN de N\u00e1utica<\/a><\/li>\n<li>Plan de trabajo 2023 del CRN de N\u00e1utica<\/li>\n<li><a href=\"http:\/\/centredelamar.com\/wp-content\/uploads\/2026\/01\/PTA-CRN-DE-NAUTICA-2025.pdf\" rel=\"attachment wp-att-56490\">Plan de trabajo 2025 del CRN de N\u00e1utica<\/a><\/li>\n<\/ul>\n<\/li>\n<\/ul>\n<ul>\n<li style=\"list-style-type: none;\">\n<ul><\/ul>\n<\/li>\n<\/ul>\n<p>[\/et_pb_accordion_item][et_pb_accordion_item title=\u00bbNormativa\u00bb _builder_version=\u00bb4.27.4&#8243; _module_preset=\u00bbdefault\u00bb custom_margin=\u00bb||5px||false|false\u00bb global_colors_info=\u00bb{}\u00bb open=\u00bboff\u00bb]<\/p>\n<ul>\n<li><a href=\"http:\/\/centredelamar.com\/wp-content\/uploads\/2025\/09\/BOE-A-2025-18586.pdf\" rel=\"attachment wp-att-55747\">BOE-A-2025-18586 <\/a><a href=\"http:\/\/centredelamar.com\/wp-content\/uploads\/2025\/09\/BOE-A-2025-18586.pdf\">Resoluci\u00f3n del Convenio del Centro del Mar como Centro de Referencia Nacional en el \u00e1rea profesional de N\u00e1utica, de la familia profesional de Transporte y Mantenimiento de Veh\u00edculos en el \u00e1mbito de la formaci\u00f3n profesional.<\/a><\/li>\n<li><a href=\"https:\/\/www.boe.es\/boe\/dias\/2019\/09\/28\/pdfs\/BOE-A-2019-13787.pdf\" target=\"_blank\" rel=\"noopener noreferrer\">Real Decreto 523\/2019, de 13 de septiembre, por el cual se crea como Centro de Referencia Nacional el Centro del Mar, en el \u00e1rea profesional de N\u00e1utica, de la familia profesional de Transporte y Mantenimiento de Veh\u00edculos, en el \u00e1mbito de la formaci\u00f3n profesional <\/a><\/li>\n<li><a href=\"https:\/\/www.boe.es\/buscar\/pdf\/2002\/BOE-A-2002-12018-consolidado.pdf\" target=\"_blank\" rel=\"noopener noreferrer\">Ley Org\u00e1nica 5\/2002, de 19 de junio, de las Calificaciones y de la Formaci\u00f3n Profesional<\/a><\/li>\n<li><a href=\"https:\/\/www.boe.es\/boe\/dias\/2008\/02\/25\/pdfs\/A11069-11072.pdf\" target=\"_blank\" rel=\"noopener noreferrer\">Real Decreto 229\/2008, de 15 de febrero, por el cual se regulan los centros de referencia nacional en el \u00e1mbito de la formaci\u00f3n profesional<\/a><\/li>\n<li><a href=\"https:\/\/www.boe.es\/boe\/dias\/2017\/07\/05\/pdfs\/BOE-A-2017-7769.pdf\" target=\"_blank\" rel=\"noopener noreferrer\">Apartado 1 de la Disposici\u00f3n final segunda del Real Decreto 694\/2017, de 3 de julio, por el cual se despliega la Ley 30\/2015, de 9 de septiembre, que regula el Sistema de Formaci\u00f3n Profesional para la Ocupaci\u00f3n en el \u00e1mbito laboral, que modifica el Real Decreto 229\/2008, de 15 de febrero<\/a><\/li>\n<\/ul>\n<p>[\/et_pb_accordion_item][et_pb_accordion_item title=\u00bbPerfiles Profesionales del Sector N\u00e1utico\u00bb _builder_version=\u00bb4.26.0&#8243; _module_preset=\u00bbdefault\u00bb custom_margin=\u00bb||5px||false|false\u00bb global_colors_info=\u00bb{}\u00bb open=\u00bboff\u00bb]<\/p>\n<ul>\n<li><a href=\"https:\/\/centredelamar.com\/wp-content\/uploads\/2024\/07\/Listado-Perfiles-profesionales_publicar.pdf\" rel=\"attachment wp-att-54685\">Listado de perfiles profesionales del sector n\u00e1utico<\/a><\/li>\n<li><a href=\"https:\/\/centredelamar.com\/wp-content\/uploads\/2024\/07\/FICHA-1-TECNICO-EN-JARCIAS-ARBOLADURA-Y-CABUYERIA.pdf\" rel=\"attachment wp-att-54734\">FICHA 1 T\u00c9CNICO EN JARCIAS, ARBOLADURA Y CABUYER\u00cdA<\/a><\/li>\n<li><a href=\"https:\/\/centredelamar.com\/wp-content\/uploads\/2024\/07\/FICHA-1.1-AUX-DE-TEC-EN-JARCIAS-ARBOLADURA-Y-CABUYERIA.pdf\" rel=\"attachment wp-att-54736\">FICHA 1.1 AUX DE T\u00c9C EN JARCIAS, ARBOLADURA Y CABUYER\u00cdA<\/a><\/li>\n<li><a href=\"https:\/\/centredelamar.com\/wp-content\/uploads\/2024\/07\/FICHA-1.2-TECNICO-SUPERIOR-EN-JARCIAS-ARBOLADURA-Y-CABUYERIA.pdf\" rel=\"attachment wp-att-54738\">FICHA 1.2 T\u00c9CNICO SUPERIOR EN JARCIAS, ARBOLADURA Y CABUYER\u00cdA<\/a><\/li>\n<li><a href=\"https:\/\/centredelamar.com\/wp-content\/uploads\/2024\/07\/FICHA-2-TECNICO-EN-CONFECCION-Y-REPARACION-DE-VELAS.pdf\" rel=\"attachment wp-att-54740\">FICHA 2 T\u00c9CNICO EN CONFECCI\u00d3N Y REPARACI\u00d3N DE VELAS<\/a><\/li>\n<li><a href=\"https:\/\/centredelamar.com\/wp-content\/uploads\/2024\/07\/FICHA-2.1-AUX-TECNICO-CONFECCION-Y-REPARACION-DE-VELAS.pdf\" rel=\"attachment wp-att-54742\">FICHA 2.1 AUX TECNICO CONFECCI\u00d3N Y REPARACION DE VELAS<\/a><\/li>\n<li><a href=\"https:\/\/centredelamar.com\/wp-content\/uploads\/2024\/07\/FICHA-2.2-TECNICO-SUPERIOR-EN-CONFECCION-Y-REPARACION-DE-VELAS.pdf\" rel=\"attachment wp-att-54744\">FICHA 2.2 T\u00c9CNICO SUPERIOR EN CONFECCI\u00d3N Y REPARACI\u00d3N DE VELAS<\/a><\/li>\n<li><a href=\"https:\/\/centredelamar.com\/wp-content\/uploads\/2024\/07\/FICHA-3-TECNICO-EN-CONFECCION-DE-TAPIZADOS-LONAS-Y-PROTECCIONES-TEXTILES.pdf\" rel=\"attachment wp-att-54746\">FICHA 3 T\u00c9CNICO EN CONFECCI\u00d3N DE TAPIZADOS, LONAS Y PROTECCIONES TEXTILES<\/a><\/li>\n<li><a href=\"https:\/\/centredelamar.com\/wp-content\/uploads\/2024\/07\/FICHA-3.1-AUXILIAR-DE-TECNICO-EN-CONFECCION-DE-TAPIZADOS-LONAS-Y-PROTECCIONES-TEXTILES.pdf\" rel=\"attachment wp-att-54748\">FICHA 3.1 AUXILIAR DE T\u00c9CNICO EN CONFECCI\u00d3N DE TAPIZADOS, LONAS Y PROTECCIONES TEXTILES<\/a><\/li>\n<li><a href=\"https:\/\/centredelamar.com\/wp-content\/uploads\/2024\/07\/FICHA-3.2-TECNICO-SUPERIOR-EN-CONFECCION-DE-TAPIZADOS-LONAS-Y-PROTECCIONES-TEXTILES.pdf\" rel=\"attachment wp-att-54750\">FICHA 3.2 T\u00c9CNICO SUPERIOR EN CONFECCI\u00d3N DE TAPIZADOS, LONAS Y PROTECCIONES TEXTILES<\/a><\/li>\n<li><a href=\"https:\/\/centredelamar.com\/wp-content\/uploads\/2024\/07\/FICHA-4-TECNICO-EN-SISTEMAS-ELECTRICOS-DE-EMBARCACIONES.pdf\" rel=\"attachment wp-att-54752\">FICHA 4 T\u00c9CNICO EN SISTEMAS EL\u00c9CTRICOS DE EMBARCACIONES<\/a><\/li>\n<li><a href=\"https:\/\/centredelamar.com\/wp-content\/uploads\/2024\/07\/FICHA-4.1-AUXILIAR-TECNICO-EN-SISTEMAS-ELECTRICOS-DE-EMBARCACIONES.pdf\" rel=\"attachment wp-att-54754\">FICHA 4.1 AUXILIAR T\u00c9CNICO EN SISTEMAS EL\u00c9CTRICOS DE EMBARCACIONES<\/a><\/li>\n<li><a href=\"https:\/\/centredelamar.com\/wp-content\/uploads\/2024\/07\/FICHA-4.2-TECNICO-SUPERIOR-EN-SISTEMAS-ELECTRICOS-DE-EMBARCACIONES.pdf\" rel=\"attachment wp-att-54756\">FICHA 4.2 T\u00c9CNICO SUPERIOR EN SISTEMAS EL\u00c9CTRICOS DE EMBARCACIONES<\/a><\/li>\n<li><a href=\"https:\/\/centredelamar.com\/wp-content\/uploads\/2024\/07\/FICHA-5-TECNICO-ELECTROMECANICO.pdf\" rel=\"attachment wp-att-54758\">FICHA 5 T\u00c9CNICO ELECTROMEC\u00c1NICO<\/a><\/li>\n<li><a href=\"https:\/\/centredelamar.com\/wp-content\/uploads\/2024\/07\/FICHA-5.1-AUXILIAR-TECNICO-ELECTROMECANICO.pdf\" rel=\"attachment wp-att-54760\">FICHA 5.1 AUXILIAR T\u00c9CNICO ELECTROMEC\u00c1NICO<\/a><\/li>\n<li><a href=\"https:\/\/centredelamar.com\/wp-content\/uploads\/2024\/07\/FICHA-7-.-V2.-TECNICO-EN-SISTEMAS-ELECTRONICOS-Y-COMUNICACIONES-DE-EMBARCACIONES.pdf\" rel=\"attachment wp-att-54762\"><g id=\"gid_0\">FICHA 7 . V2. T\u00c9CNICO EN SISTEMAS ELECTR\u00d3NICOS Y COMUNICACIONES DE EMBARCACIONES<\/g>  <\/a><\/li>\n<li><a href=\"https:\/\/centredelamar.com\/wp-content\/uploads\/2024\/07\/FICHA-7.1-AUXILIAR-TECNICO-EN-SISTEMAS-ELECTRONICOS-Y-DE-COMUNICACIONES-DE-EMBARCACIONES.pdf\" rel=\"attachment wp-att-54764\">FICHA 7.1 AUXILIAR T\u00c9CNICO EN SISTEMAS ELECTR\u00d3NICOS Y DE COMUNICACIONES DE EMBARCACIONES<\/a><\/li>\n<li><a href=\"https:\/\/centredelamar.com\/wp-content\/uploads\/2024\/07\/FICHA-7.2-TECNICO-SUPERIOR-EN-SISTEMAS-ELECTRONICOS-Y-DE-COMUNICACIONES-DE-EMBARCACIONES.pdf\" rel=\"attachment wp-att-54766\">FICHA 7.2 T\u00c9CNICO SUPERIOR EN SISTEMAS ELECTR\u00d3NICOS Y DE COMUNICACIONES DE EMBARCACIONES<\/a><\/li>\n<li><a href=\"https:\/\/centredelamar.com\/wp-content\/uploads\/2024\/07\/FICHA-9-TECNICO-EN-MOTORES-Y-SISTEMAS-DE-PROPULSION-DE-EMBARCACIONES.pdf\" rel=\"attachment wp-att-54768\">FICHA 9 T\u00c9CNICO EN MOTORES Y SISTEMAS DE PROPULSI\u00d3N DE EMBARCACIONES<\/a> <a href=\"https:\/\/centredelamar.com\/wp-content\/uploads\/2024\/07\/FICHA-9.1-AUXILIAR-TECNICO-EN-MOTORES-Y-SISTEMAS-DE-PROPULSION-DE-EMBARCACIONES.pdf\" rel=\"attachment wp-att-54770\">FICHA 9.1 AUXILIAR T\u00c9CNICO EN MOTORES Y SISTEMAS DE PROPULSI\u00d3N DE EMBARCACIONES<\/a><\/li>\n<li><a href=\"https:\/\/centredelamar.com\/wp-content\/uploads\/2024\/07\/FICHA-9.2-TECNICO-SUPERIOR-EN-MOTORES-Y-SISTEMAS-DE-PROPULSION-DE-EMBARCACIONES.pdf\" rel=\"attachment wp-att-54772\">FICHA 9.2 T\u00c9CNICO SUPERIOR EN MOTORES Y SISTEMAS DE PROPULSI\u00d3N DE EMBARCACIONES<\/a><\/li>\n<li><a href=\"https:\/\/centredelamar.com\/wp-content\/uploads\/2024\/07\/FICHA-11-TECNICO-EN-INSTALACION-Y-MANTENIMIENTO-DE-SISTEMAS-HIDRAULICOS.pdf\" rel=\"attachment wp-att-54774\">FICHA 11 T\u00c9CNICO EN INSTALACI\u00d3N Y MANTENIMIENTO DE SISTEMAS HIDR\u00c1ULICOS<\/a><\/li>\n<li><a href=\"https:\/\/centredelamar.com\/wp-content\/uploads\/2024\/07\/FICHA-12-TECNICO-EN-SISTEMAS-DE-CLIMATIZACION-DE-EMBARCACIONES.pdf\" rel=\"attachment wp-att-54776\">FICHA 12 T\u00c9CNICO EN SISTEMAS DE CLIMATIZACI\u00d3N DE EMBARCACIONES<\/a><\/li>\n<li><a href=\"https:\/\/centredelamar.com\/wp-content\/uploads\/2024\/07\/FICHA-12.1-TECNICO-SUPERIOR-EN-SISTEMAS-DE-CLIMATIZACION-DE-EMBARCACIONES.pdf\" rel=\"attachment wp-att-54778\">FICHA 12.1 T\u00c9CNICO SUPERIOR EN SISTEMAS DE CLIMATIZACI\u00d3N DE EMBARCACIONES<\/a><\/li>\n<li><a href=\"https:\/\/centredelamar.com\/wp-content\/uploads\/2024\/07\/FICHA-13-71311038-CARPINTERO-DE-RIBERA.pdf\" rel=\"attachment wp-att-54780\">FICHA 13 71311038 CARPINTERO DE RIBERA<\/a><\/li>\n<li><a href=\"https:\/\/centredelamar.com\/wp-content\/uploads\/2024\/07\/FICHA-14-CARPINTERO-DE-EMBARCACIONES.pdf\" rel=\"attachment wp-att-54782\">FICHA 14 CARPINTERO DE EMBARCACIONES<\/a><\/li>\n<li><a href=\"https:\/\/centredelamar.com\/wp-content\/uploads\/2024\/07\/FICHA-14.1-AUXILIAR-CARPINTERO-DE-EMBARCACIONES.pdf\" rel=\"attachment wp-att-54784\">FICHA 14.1 AUXILIAR CARPINTERO DE EMBARCACIONES<\/a><\/li>\n<li><a href=\"https:\/\/centredelamar.com\/wp-content\/uploads\/2024\/07\/FICHA-15-71311016-CALAFATE.pdf\" rel=\"attachment wp-att-54786\">FICHA 15 71311016 CALAFATE<\/a><\/li>\n<li><a href=\"https:\/\/centredelamar.com\/wp-content\/uploads\/2024\/07\/FICHA-16-TECNICO-EN-FABRICACION-Y-MANTENIMIENTO-DE-MATERIALES-COMPUESTOS-DE-EMBARCACIONES.pdf\" rel=\"attachment wp-att-54788\">FICHA 16 T\u00c9CNICO EN FABRICACI\u00d3N Y MANTENIMIENTO DE MATERIALES COMPUESTOS DE EMBARCACIONES<\/a><\/li>\n<li><a href=\"https:\/\/centredelamar.com\/wp-content\/uploads\/2024\/07\/FICHA-16.1-AUXILIAR-TECNICO-EN-FABRICACION-Y-MANTENIMIENTO-DE-MATERIALES-COMPUESTOS-DE-EMBARCACIONES.pdf\" rel=\"attachment wp-att-54790\">FICHA 16.1 AUXILIAR T\u00c9CNICO EN FABRICACI\u00d3N Y MANTENIMIENTO DE MATERIALES COMPUESTOS DE EMBARCACIONES<\/a><\/li>\n<li><a href=\"https:\/\/centredelamar.com\/wp-content\/uploads\/2024\/07\/FICHA-17-TECNICO-EN-OPERACIONES-DE-PINTADO-DE-EMBARCACIONES.pdf\" rel=\"attachment wp-att-54792\">FICHA 17 T\u00c9CNICO EN OPERACIONES DE PINTADO DE EMBARCACIONES<\/a><\/li>\n<li><a href=\"https:\/\/centredelamar.com\/wp-content\/uploads\/2024\/07\/FICHA-17.1-AUXILIAR-TECNICO-EN-OPERACIONES-DE-PINTADO-DE-EMBARCACIONES.pdf\" rel=\"attachment wp-att-54794\">FICHA 17.1 AUXILIAR T\u00c9CNICO EN OPERACIONES DE PINTADO DE EMBARCACIONES<\/a><\/li>\n<li><a href=\"https:\/\/centredelamar.com\/wp-content\/uploads\/2024\/07\/FICHA-17.2-TECNICO-SUPERIOR-EN-MATERIALES-COMPUESTOS-Y-PINTURA-DE-EMBARCACIONES.pdf\" rel=\"attachment wp-att-54796\">FICHA 17.2 T\u00c9CNICO SUPERIOR EN MATERIALES COMPUESTOS Y PINTURA DE EMBARCACIONES<\/a><\/li>\n<li><a href=\"https:\/\/centredelamar.com\/wp-content\/uploads\/2024\/07\/FICHA-18-OPERADOR-DE-GRUA-DE-VARADERO.pdf\" rel=\"attachment wp-att-54798\">FICHA 18 OPERADOR DE GR\u00daA DE VARADERO<\/a><\/li>\n<li><a href=\"https:\/\/centredelamar.com\/wp-content\/uploads\/2024\/07\/FICHA-19-AUXILIAR-OPERACIONES-DE-VARADERO-Y-MARINA-SECA.pdf\" rel=\"attachment wp-att-54800\">FICHA 19 AUXILIAR OPERACIONES DE VARADERO Y MARINA SECA<\/a><\/li>\n<li><a href=\"https:\/\/centredelamar.com\/wp-content\/uploads\/2024\/07\/FICHA-19.1-ENCARGADO-DE-VARADERO-Y-MARINA-SECA.pdf\" rel=\"attachment wp-att-54802\">F<\/a><a href=\"https:\/\/centredelamar.com\/wp-content\/uploads\/2024\/07\/FICHA-19.1-ENCARGADO-DE-VARADERO-Y-MARINA-SECA.pdf\" rel=\"attachment wp-att-54802\">ICHA 19.1 ENCARGADO DE VARADERO Y MARINA SECA<\/a><\/li>\n<li><a href=\"https:\/\/centredelamar.com\/wp-content\/uploads\/2024\/07\/FICHA-23-TECNICO-FABRICACION-Y-MANTENIMIENTO-DE-EMBARCACIONES-NEUMATICAS.pdf\" rel=\"attachment wp-att-54804\">FICHA 23 T\u00c9CNICO FABRICACI\u00d3N Y MANTENIMIENTO DE EMBARCACIONES NEUM\u00c1TICAS<\/a><\/li>\n<li><a href=\"https:\/\/centredelamar.com\/wp-content\/uploads\/2024\/07\/FICHA-24-TECNICO-EN-LIMPIEZA-DE-EMBARCACIONES-Y-SUS-COMPONENTES.pdf\" rel=\"attachment wp-att-54806\">FICHA 24 T\u00c9CNICO EN LIMPIEZA DE EMBARCACIONES Y SUS COMPONENTES<\/a><\/li>\n<li><a href=\"https:\/\/centredelamar.com\/wp-content\/uploads\/2024\/07\/FICHA-25-AUX-TECNICO-EN-REPARACIONES-POLIVALENTES-EN-EMBARCACIONES-NEUMATICAS_definitiva.pdf\" rel=\"attachment wp-att-54808\">FICHA 25 AUX T\u00c9CNICO EN REPARACIONES POLIVALENTES EN EMBARCACIONES NEUMATICA<\/a><\/li>\n<\/ul>\n<p>[\/et_pb_accordion_item][\/et_pb_accordion][\/et_pb_column][\/et_pb_row][et_pb_row _builder_version=\u00bb4.18.0&#8243; _module_preset=\u00bbdefault\u00bb custom_padding=\u00bb||40px||false|false\u00bb global_colors_info=\u00bb{}\u00bb][et_pb_column type=\u00bb4_4&#8243; _builder_version=\u00bb4.16&#8243; _module_preset=\u00bbdefault\u00bb global_colors_info=\u00bb{}\u00bb][et_pb_text _builder_version=\u00bb4.18.0&#8243; _module_preset=\u00bbdefault\u00bb header_2_text_color=\u00bb#E31E52&#8243; custom_margin=\u00bb||10px||false|false\u00bb global_colors_info=\u00bb{}\u00bb]<\/p>\n<h2>Mapa Sectorial<\/h2>\n<p>[\/et_pb_text][et_pb_text _builder_version=\u00bb4.18.0&#8243; _module_preset=\u00bbdefault\u00bb global_colors_info=\u00bb{}\u00bb]Actualmente existen 37 centros de referencia nacional, calificados por Real Decreto, de una red que se completar\u00e1 hasta 53 CRN, propuestos por el Ministerio de Trabajo y Econom\u00eda Social y por el Ministerio de Educaci\u00f3n y Formaci\u00f3n Profesional en el Consejo General de Formaci\u00f3n Profesional.<br \/>\nEn el siguiente mapa sectorial puedes ver la ubicaci\u00f3n de cada uno de estos centros, as\u00ed como academias de formaci\u00f3n, empresas, organismos oficiales y otros puntos de inter\u00e9s relacionados con la n\u00e1utica.[\/et_pb_text][\/et_pb_column][\/et_pb_row][et_pb_row _builder_version=\u00bb4.18.0&#8243; _module_preset=\u00bbdefault\u00bb width=\u00bb100%\u00bb width_tablet=\u00bb80%\u00bb width_phone=\u00bb80%\u00bb width_last_edited=\u00bbon|tablet\u00bb max_width=\u00bb100%\u00bb max_width_tablet=\u00bb80%\u00bb max_width_phone=\u00bb80%\u00bb max_width_last_edited=\u00bbon|tablet\u00bb custom_padding=\u00bb0px||60px||false|false\u00bb global_colors_info=\u00bb{}\u00bb][et_pb_column type=\u00bb4_4&#8243; _builder_version=\u00bb4.16&#8243; _module_preset=\u00bbdefault\u00bb global_colors_info=\u00bb{}\u00bb][et_pb_text _builder_version=\u00bb4.18.0&#8243; _module_preset=\u00bbdefault\u00bb global_colors_info=\u00bb{}\u00bb]<iframe loading=\"lazy\" src=\"https:\/\/mapsec.centredelamar.com\/ca\/inici\" width=\"100%\" height=\"600\" allow=\"fullscreen\"><\/iframe>[\/et_pb_text][\/et_pb_column][\/et_pb_row][et_pb_row _builder_version=\u00bb4.17.6&#8243; _module_preset=\u00bbdefault\u00bb global_colors_info=\u00bb{}\u00bb][et_pb_column type=\u00bb4_4&#8243; _builder_version=\u00bb4.16&#8243; _module_preset=\u00bbdefault\u00bb global_colors_info=\u00bb{}\u00bb][et_pb_contact_form use_spam_service=\u00bbon\u00bb recaptcha_list=\u00bbcentre|centre-0&#8243; email=\u00bbinfo@centredelamar.com\u00bb title=\u00bbInscripci\u00f3n en el mapa sectorial\u00bb custom_message=\u00bbNueva solicitud de inscripci\u00f3n en el mapa sectorial CRN.||et_pb_line_break_holder||||et_pb_line_break_holder||De: %%Name%%||et_pb_line_break_holder||Email: %%Email%%||et_pb_line_break_holder||Tel\u00e8fon: %%telefon%%||et_pb_line_break_holder||\u00bb success_message=\u00bbGracias por tu solicitud.\u00bb submit_button_text=\u00bbEnviar\u00bb _builder_version=\u00bb4.18.0&#8243; _module_preset=\u00bbdefault\u00bb _unique_id=\u00bbf594845c-de90-45d9-8f3b-6e6e8c16db02&#8243; form_field_custom_margin=\u00bb||10px||false|false\u00bb title_level=\u00bbh2&#8243; title_text_color=\u00bb#E31E52&#8243; custom_button=\u00bbon\u00bb button_text_size=\u00bb19px\u00bb button_border_radius=\u00bb0px\u00bb button_letter_spacing=\u00bb1px\u00bb button_font=\u00bb|600|||||||\u00bb button_use_icon=\u00bboff\u00bb button_custom_margin=\u00bb25px||||false|false\u00bb button_custom_padding=\u00bb5px||5px||true|false\u00bb custom_padding=\u00bb||||false|false\u00bb global_colors_info=\u00bb{}\u00bb][et_pb_contact_field field_id=\u00bbname\u00bb field_title=\u00bbNombre empresa o entidad\u00bb _builder_version=\u00bb4.16&#8243; _module_preset=\u00bbdefault\u00bb global_colors_info=\u00bb{}\u00bb][\/et_pb_contact_field][et_pb_contact_field field_id=\u00bbadress\u00bb field_title=\u00bbDirecci\u00f3n\u00bb _builder_version=\u00bb4.16&#8243; global_colors_info=\u00bb{}\u00bb button_text_size__hover_enabled=\u00bboff\u00bb button_one_text_size__hover_enabled=\u00bboff\u00bb button_two_text_size__hover_enabled=\u00bboff\u00bb button_text_color__hover_enabled=\u00bboff\u00bb button_one_text_color__hover_enabled=\u00bboff\u00bb button_two_text_color__hover_enabled=\u00bboff\u00bb button_border_width__hover_enabled=\u00bboff\u00bb button_one_border_width__hover_enabled=\u00bboff\u00bb button_two_border_width__hover_enabled=\u00bboff\u00bb button_border_color__hover_enabled=\u00bboff\u00bb button_one_border_color__hover_enabled=\u00bboff\u00bb button_two_border_color__hover_enabled=\u00bboff\u00bb button_border_radius__hover_enabled=\u00bboff\u00bb button_one_border_radius__hover_enabled=\u00bboff\u00bb button_two_border_radius__hover_enabled=\u00bboff\u00bb button_letter_spacing__hover_enabled=\u00bboff\u00bb button_one_letter_spacing__hover_enabled=\u00bboff\u00bb button_two_letter_spacing__hover_enabled=\u00bboff\u00bb button_bg_color__hover_enabled=\u00bboff\u00bb button_one_bg_color__hover_enabled=\u00bboff\u00bb button_two_bg_color__hover_enabled=\u00bboff\u00bb][\/et_pb_contact_field][et_pb_contact_field field_id=\u00bbEmail\u00bb field_title=\u00bbCorreo Electr\u00f3nico\u00bb field_type=\u00bbemail\u00bb _builder_version=\u00bb4.16&#8243; global_colors_info=\u00bb{}\u00bb button_text_size__hover_enabled=\u00bboff\u00bb button_one_text_size__hover_enabled=\u00bboff\u00bb button_two_text_size__hover_enabled=\u00bboff\u00bb button_text_color__hover_enabled=\u00bboff\u00bb button_one_text_color__hover_enabled=\u00bboff\u00bb button_two_text_color__hover_enabled=\u00bboff\u00bb button_border_width__hover_enabled=\u00bboff\u00bb button_one_border_width__hover_enabled=\u00bboff\u00bb button_two_border_width__hover_enabled=\u00bboff\u00bb button_border_color__hover_enabled=\u00bboff\u00bb button_one_border_color__hover_enabled=\u00bboff\u00bb button_two_border_color__hover_enabled=\u00bboff\u00bb button_border_radius__hover_enabled=\u00bboff\u00bb button_one_border_radius__hover_enabled=\u00bboff\u00bb button_two_border_radius__hover_enabled=\u00bboff\u00bb button_letter_spacing__hover_enabled=\u00bboff\u00bb button_one_letter_spacing__hover_enabled=\u00bboff\u00bb button_two_letter_spacing__hover_enabled=\u00bboff\u00bb button_bg_color__hover_enabled=\u00bboff\u00bb button_one_bg_color__hover_enabled=\u00bboff\u00bb button_two_bg_color__hover_enabled=\u00bboff\u00bb][\/et_pb_contact_field][et_pb_contact_field field_id=\u00bbtelefon\u00bb field_title=\u00bbTel\u00e9fono\u00bb _builder_version=\u00bb4.16&#8243; _module_preset=\u00bbdefault\u00bb global_colors_info=\u00bb{}\u00bb][\/et_pb_contact_field][et_pb_contact_field field_id=\u00bbprivacidad\u00bb field_title=\u00bb \u00bb field_type=\u00bbcheckbox\u00bb checkbox_options=\u00bb%91{%22value%22:%22He le\u00eddo y acepto la pol\u00edtica de privacidad.%22,%22checked%22:0,%22dragID%22:-1,%22link_url%22:%22https:%92\/%92\/centredelamar.com%92\/politica-de-privacitat%92\/%22,%22link_text%22:%22%22}%93&#8243; _builder_version=\u00bb4.18.0&#8243; _module_preset=\u00bbdefault\u00bb form_field_font_size=\u00bb13px\u00bb form_field_letter_spacing=\u00bb1px\u00bb global_colors_info=\u00bb{}\u00bb][\/et_pb_contact_field][\/et_pb_contact_form][\/et_pb_column][\/et_pb_row][\/et_pb_section][et_pb_section fb_built=\u00bb1&#8243; _builder_version=\u00bb4.16&#8243; _module_preset=\u00bbdefault\u00bb background_color=\u00bb#f7f7f7&#8243; custom_padding=\u00bb17px|||||\u00bb da_disable_devices=\u00bboff|off|off\u00bb global_colors_info=\u00bb{}\u00bb da_is_popup=\u00bboff\u00bb da_exit_intent=\u00bboff\u00bb da_has_close=\u00bbon\u00bb da_alt_close=\u00bboff\u00bb da_dark_close=\u00bboff\u00bb da_not_modal=\u00bbon\u00bb da_is_singular=\u00bboff\u00bb da_with_loader=\u00bboff\u00bb da_has_shadow=\u00bbon\u00bb][et_pb_row _builder_version=\u00bb4.16&#8243; _module_preset=\u00bbdefault\u00bb global_colors_info=\u00bb{}\u00bb][et_pb_column type=\u00bb4_4&#8243; _builder_version=\u00bb4.16&#8243; _module_preset=\u00bbdefault\u00bb global_colors_info=\u00bb{}\u00bb][et_pb_text _builder_version=\u00bb4.18.0&#8243; _module_preset=\u00bbdefault\u00bb text_font=\u00bbBariol Bold||||||||\u00bb text_font_size=\u00bb22px\u00bb text_letter_spacing=\u00bb1px\u00bb global_colors_info=\u00bb{}\u00bb]<\/p>\n<p>Noticias<\/p>\n<p>[\/et_pb_text][\/et_pb_column][\/et_pb_row][et_pb_row _builder_version=\u00bb4.16&#8243; _module_preset=\u00bbdefault\u00bb global_colors_info=\u00bb{}\u00bb][et_pb_column type=\u00bb4_4&#8243; _builder_version=\u00bb4.16&#8243; _module_preset=\u00bbdefault\u00bb global_colors_info=\u00bb{}\u00bb][et_pb_blog fullwidth=\u00bboff\u00bb posts_number=\u00bb6&#8243; include_categories=\u00bb60,35&#8243; show_more=\u00bbon\u00bb show_author=\u00bboff\u00bb show_date=\u00bboff\u00bb show_categories=\u00bboff\u00bb show_excerpt=\u00bboff\u00bb _builder_version=\u00bb4.16&#8243; _module_preset=\u00bbdefault\u00bb read_more_font=\u00bbBariol Regular||||||||\u00bb global_colors_info=\u00bb{}\u00bb][\/et_pb_blog][\/et_pb_column][\/et_pb_row][\/et_pb_section]<\/p>\n","protected":false},"excerpt":{"rendered":"<p>Centro de Referencia Nacional de N\u00e1uticaUn Centro de Referencia Nacional es un centro p\u00fablico de innovaci\u00f3n y experimentaci\u00f3n que act\u00faa como una instituci\u00f3n al servicio de los sistemas de formaci\u00f3n profesional para facilitar su competitividad y calidad y dar respuesta a los cambios en la demanda de calificaci\u00f3n de los sectores productivos. Se distingue por [&hellip;]<\/p>\n","protected":false},"author":1,"featured_media":0,"parent":0,"menu_order":0,"comment_status":"closed","ping_status":"closed","template":"","meta":{"_acf_changed":false,"_et_pb_use_builder":"on","_et_pb_old_content":"","_et_gb_content_width":"","footnotes":"","_links_to":"","_links_to_target":""},"class_list":["post-53735","page","type-page","status-publish","hentry"],"acf":[],"publishpress_future_action":{"enabled":false,"date":"2026-05-09 11:12:17","action":"change-status","newStatus":"draft","terms":[],"taxonomy":"translation_priority","extraData":[]},"publishpress_future_workflow_manual_trigger":{"enabledWorkflows":[]},"_links":{"self":[{"href":"https:\/\/centredelamar.com\/es\/wp-json\/wp\/v2\/pages\/53735","targetHints":{"allow":["GET"]}}],"collection":[{"href":"https:\/\/centredelamar.com\/es\/wp-json\/wp\/v2\/pages"}],"about":[{"href":"https:\/\/centredelamar.com\/es\/wp-json\/wp\/v2\/types\/page"}],"author":[{"embeddable":true,"href":"https:\/\/centredelamar.com\/es\/wp-json\/wp\/v2\/users\/1"}],"replies":[{"embeddable":true,"href":"https:\/\/centredelamar.com\/es\/wp-json\/wp\/v2\/comments?post=53735"}],"version-history":[{"count":3,"href":"https:\/\/centredelamar.com\/es\/wp-json\/wp\/v2\/pages\/53735\/revisions"}],"predecessor-version":[{"id":56495,"href":"https:\/\/centredelamar.com\/es\/wp-json\/wp\/v2\/pages\/53735\/revisions\/56495"}],"wp:attachment":[{"href":"https:\/\/centredelamar.com\/es\/wp-json\/wp\/v2\/media?parent=53735"}],"curies":[{"name":"wp","href":"https:\/\/api.w.org\/{rel}","templated":true}]}}